{"id":4982,"date":"2021-04-26T16:24:20","date_gmt":"2021-04-26T14:24:20","guid":{"rendered":"https:\/\/fondationclaudinetalon.org\/?page_id=4982"},"modified":"2024-11-07T16:09:17","modified_gmt":"2024-11-07T15:09:17","slug":"faq","status":"publish","type":"page","link":"https:\/\/fondationclaudinetalon.org\/index.php\/faq\/","title":{"rendered":"FAQ"},"content":{"rendered":"\t\t<div data-elementor-type=\"wp-page\" data-elementor-id=\"4982\" class=\"elementor elementor-4982\">\n\t\t\t\t\t\t<section class=\"elementor-section elementor-top-section elementor-element elementor-element-97e2408 elementor-section-boxed elementor-section-height-default elementor-section-height-default\" data-id=\"97e2408\" data-element_type=\"section\" data-e-type=\"section\" data-settings=\"{&quot;background_background&quot;:&quot;classic&quot;}\">\n\t\t\t\t\t\t\t<div class=\"elementor-background-overlay\"><\/div>\n\t\t\t\t\t\t\t<div class=\"elementor-container elementor-column-gap-default\">\n\t\t\t\t\t<div class=\"elementor-column elementor-col-100 elementor-top-column elementor-element elementor-element-5768c7b\" data-id=\"5768c7b\" data-element_type=\"column\" data-e-type=\"column\">\n\t\t\t<div class=\"elementor-widget-wrap elementor-element-populated\">\n\t\t\t\t\t\t<div class=\"elementor-element elementor-element-6d57d75 elementor-widget elementor-widget-spacer\" data-id=\"6d57d75\" data-element_type=\"widget\" data-e-type=\"widget\" data-widget_type=\"spacer.default\">\n\t\t\t\t<div class=\"elementor-widget-container\">\n\t\t\t\t\t\t\t<div class=\"elementor-spacer\">\n\t\t\t<div class=\"elementor-spacer-inner\"><\/div>\n\t\t<\/div>\n\t\t\t\t\t\t<\/div>\n\t\t\t\t<\/div>\n\t\t\t\t<div class=\"elementor-element elementor-element-9ada7fc elementor-widget elementor-widget-heading\" data-id=\"9ada7fc\" data-element_type=\"widget\" data-e-type=\"widget\" data-widget_type=\"heading.default\">\n\t\t\t\t<div class=\"elementor-widget-container\">\n\t\t\t\t\t<h2 class=\"elementor-heading-title elementor-size-default\">Foire aux questions<\/h2>\t\t\t\t<\/div>\n\t\t\t\t<\/div>\n\t\t\t\t<div class=\"elementor-element elementor-element-35af1d7 elementor-widget elementor-widget-spacer\" data-id=\"35af1d7\" data-element_type=\"widget\" data-e-type=\"widget\" data-widget_type=\"spacer.default\">\n\t\t\t\t<div class=\"elementor-widget-container\">\n\t\t\t\t\t\t\t<div class=\"elementor-spacer\">\n\t\t\t<div class=\"elementor-spacer-inner\"><\/div>\n\t\t<\/div>\n\t\t\t\t\t\t<\/div>\n\t\t\t\t<\/div>\n\t\t\t\t\t<\/div>\n\t\t<\/div>\n\t\t\t\t\t<\/div>\n\t\t<\/section>\n\t\t\t\t<section class=\"elementor-section elementor-top-section elementor-element elementor-element-4afa762 elementor-section-boxed elementor-section-height-default elementor-section-height-default\" data-id=\"4afa762\" data-element_type=\"section\" data-e-type=\"section\">\n\t\t\t\t\t\t<div class=\"elementor-container elementor-column-gap-default\">\n\t\t\t\t\t<div class=\"elementor-column elementor-col-100 elementor-top-column elementor-element elementor-element-f742ae7\" data-id=\"f742ae7\" data-element_type=\"column\" data-e-type=\"column\">\n\t\t\t<div class=\"elementor-widget-wrap elementor-element-populated\">\n\t\t\t\t\t\t<div class=\"elementor-element elementor-element-3aeb629 elementor-widget elementor-widget-spacer\" data-id=\"3aeb629\" data-element_type=\"widget\" data-e-type=\"widget\" data-widget_type=\"spacer.default\">\n\t\t\t\t<div class=\"elementor-widget-container\">\n\t\t\t\t\t\t\t<div class=\"elementor-spacer\">\n\t\t\t<div class=\"elementor-spacer-inner\"><\/div>\n\t\t<\/div>\n\t\t\t\t\t\t<\/div>\n\t\t\t\t<\/div>\n\t\t\t\t\t<\/div>\n\t\t<\/div>\n\t\t\t\t\t<\/div>\n\t\t<\/section>\n\t\t\t\t<section class=\"elementor-section elementor-top-section elementor-element elementor-element-d991dc1 elementor-section-boxed elementor-section-height-default elementor-section-height-default\" data-id=\"d991dc1\" data-element_type=\"section\" data-e-type=\"section\">\n\t\t\t\t\t\t<div class=\"elementor-container elementor-column-gap-default\">\n\t\t\t\t\t<div class=\"elementor-column elementor-col-100 elementor-top-column elementor-element elementor-element-02a8c2d\" data-id=\"02a8c2d\" data-element_type=\"column\" data-e-type=\"column\">\n\t\t\t<div class=\"elementor-widget-wrap elementor-element-populated\">\n\t\t\t\t\t\t<div class=\"elementor-element elementor-element-a4414c1 elementor-widget elementor-widget-heading\" data-id=\"a4414c1\" data-element_type=\"widget\" data-e-type=\"widget\" data-widget_type=\"heading.default\">\n\t\t\t\t<div class=\"elementor-widget-container\">\n\t\t\t\t\t<h2 class=\"elementor-heading-title elementor-size-default\">FAQ | G\u00e9n\u00e9ral<\/h2>\t\t\t\t<\/div>\n\t\t\t\t<\/div>\n\t\t\t\t<div class=\"elementor-element elementor-element-6e8a8db elementor-widget elementor-widget-eael-adv-accordion\" data-id=\"6e8a8db\" data-element_type=\"widget\" data-e-type=\"widget\" data-widget_type=\"eael-adv-accordion.default\">\n\t\t\t\t<div class=\"elementor-widget-container\">\n\t\t\t\t\t            <div class=\"eael-adv-accordion\" id=\"eael-adv-accordion-6e8a8db\" data-scroll-on-click=\"no\" data-scroll-speed=\"300\" data-accordion-id=\"6e8a8db\" data-accordion-type=\"accordion\" data-toogle-speed=\"300\">\n            <div class=\"eael-accordion-list\">\n\t\t\t\t\t<div id=\"que-fait-la-fondation-claudine-talon-\" class=\"elementor-tab-title eael-accordion-header\" tabindex=\"0\" data-tab=\"1\" aria-controls=\"elementor-tab-content-1151\"><span class=\"eael-advanced-accordion-icon-closed\"><i aria-hidden=\"true\" class=\"fa-accordion-icon fas fa-plus\"><\/i><\/span><span class=\"eael-advanced-accordion-icon-opened\"><i aria-hidden=\"true\" class=\"fa-accordion-icon fas fa-minus\"><\/i><\/span><span class=\"eael-accordion-tab-title\">Que fait la Fondation Claudine Talon ?<\/span><i aria-hidden=\"true\" class=\"fa-toggle fas fa-angle-right\"><\/i><\/div><div id=\"elementor-tab-content-1151\" class=\"eael-accordion-content clearfix\" data-tab=\"1\" aria-labelledby=\"que-fait-la-fondation-claudine-talon-\"><p>La Fondation Claudine Talon a pour mission d&rsquo;am\u00e9liorer les conditions de vie des personnes les plus vuln\u00e9rables au B\u00e9nin, en accordant une attention particuli\u00e8re aux femmes et aux enfants.<\/p><p>\u00c0 cet effet, la Fondation met en \u0153uvre des projets dans les domaines de la sant\u00e9, de l\u2019eau, de l\u2019hygi\u00e8ne et de l\u2019assainissement, de l\u2019\u00e9ducation, de l\u2019autonomisation et de la solidarit\u00e9.<\/p><\/div>\n\t\t\t\t\t<\/div><div class=\"eael-accordion-list\">\n\t\t\t\t\t<div id=\"pourquoi-la-fondation-claudine-talon-oriente-t-elle-ses-actions-au-bnfice-des-enfants-et-des-femmes-et-non-des-hommes-\" class=\"elementor-tab-title eael-accordion-header\" tabindex=\"0\" data-tab=\"2\" aria-controls=\"elementor-tab-content-1152\"><span class=\"eael-advanced-accordion-icon-closed\"><i aria-hidden=\"true\" class=\"fa-accordion-icon fas fa-plus\"><\/i><\/span><span class=\"eael-advanced-accordion-icon-opened\"><i aria-hidden=\"true\" class=\"fa-accordion-icon fas fa-minus\"><\/i><\/span><span class=\"eael-accordion-tab-title\">Pourquoi la Fondation Claudine Talon oriente-t-elle ses actions au b\u00e9n\u00e9fice des enfants et des femmes et non des hommes ? <\/span><i aria-hidden=\"true\" class=\"fa-toggle fas fa-angle-right\"><\/i><\/div><div id=\"elementor-tab-content-1152\" class=\"eael-accordion-content clearfix\" data-tab=\"2\" aria-labelledby=\"pourquoi-la-fondation-claudine-talon-oriente-t-elle-ses-actions-au-bnfice-des-enfants-et-des-femmes-et-non-des-hommes-\"><p>Le choix des femmes et des enfants comme b\u00e9n\u00e9ficiaires principaux des actions de la Fondation Claudine Talon s\u2019explique par le fait qu\u2019ils sont parmi les personnes les plus vuln\u00e9rables de la soci\u00e9t\u00e9. La Fondation Claudine Talon cherche ainsi \u00e0 r\u00e9duire les in\u00e9galit\u00e9s de genre.\u00a0<\/p><p>Certaines actions b\u00e9n\u00e9ficient \u00e9galement \u00e0 toute la communaut\u00e9, hommes inclus (construction de centres de sant\u00e9, acc\u00e8s communautaires \u00e0 l\u2019eau potable, prise en charge de la cataracte, etc.).<\/p><\/div>\n\t\t\t\t\t<\/div><div class=\"eael-accordion-list\">\n\t\t\t\t\t<div id=\"comment-contacter-la-fondation-claudine-talon-\" class=\"elementor-tab-title eael-accordion-header\" tabindex=\"0\" data-tab=\"3\" aria-controls=\"elementor-tab-content-1153\"><span class=\"eael-advanced-accordion-icon-closed\"><i aria-hidden=\"true\" class=\"fa-accordion-icon fas fa-plus\"><\/i><\/span><span class=\"eael-advanced-accordion-icon-opened\"><i aria-hidden=\"true\" class=\"fa-accordion-icon fas fa-minus\"><\/i><\/span><span class=\"eael-accordion-tab-title\">Comment contacter la Fondation Claudine Talon ? <\/span><i aria-hidden=\"true\" class=\"fa-toggle fas fa-angle-right\"><\/i><\/div><div id=\"elementor-tab-content-1153\" class=\"eael-accordion-content clearfix\" data-tab=\"3\" aria-labelledby=\"comment-contacter-la-fondation-claudine-talon-\"><p>Le secr\u00e9tariat de la Fondation Claudine Talon est joignable par t\u00e9l\u00e9phone, par email ou par courrier.<\/p><ul><li>par courrier \u00e0 d\u00e9poser au secr\u00e9tariat de la Fondation Claudine Talon (du lundi au vendredi de 8h30 \u00e0 13h)<\/li><li>par t\u00e9l\u00e9phone\u00a0au (<a href=\"tel:http:\/\/+99%20(0)%20101%200000%20888\">+229) 21 30 79 33 \/ (+229) 21 30 79 34<\/a> (du lundi au vendredi de 8h30 \u00e0 13h)<\/li><li>par email\u00a0\u00e0 l\u2019adresse <a href=\"mailto:info@fondationclaudinetalon.org\">info@fondationclaudinetalon.org<\/a><\/li><\/ul><\/div>\n\t\t\t\t\t<\/div><div class=\"eael-accordion-list\">\n\t\t\t\t\t<div id=\"comment-contacter-madame-claudine-talon-\" class=\"elementor-tab-title eael-accordion-header\" tabindex=\"0\" data-tab=\"4\" aria-controls=\"elementor-tab-content-1154\"><span class=\"eael-advanced-accordion-icon-closed\"><i aria-hidden=\"true\" class=\"fa-accordion-icon fas fa-plus\"><\/i><\/span><span class=\"eael-advanced-accordion-icon-opened\"><i aria-hidden=\"true\" class=\"fa-accordion-icon fas fa-minus\"><\/i><\/span><span class=\"eael-accordion-tab-title\">Comment contacter Madame Claudine Talon ? <\/span><i aria-hidden=\"true\" class=\"fa-toggle fas fa-angle-right\"><\/i><\/div><div id=\"elementor-tab-content-1154\" class=\"eael-accordion-content clearfix\" data-tab=\"4\" aria-labelledby=\"comment-contacter-madame-claudine-talon-\"><p>Pour toute communication \u00e0 l\u2019endroit de la Pr\u00e9sidente de la Fondation Claudine Talon, vous pouvez d\u00e9poser un courrier au secr\u00e9tariat de la Fondation Claudine Talon.<\/p><\/div>\n\t\t\t\t\t<\/div><div class=\"eael-accordion-list\">\n\t\t\t\t\t<div id=\"o-se-situe-la-fondation-claudine-talon-\" class=\"elementor-tab-title eael-accordion-header\" tabindex=\"0\" data-tab=\"5\" aria-controls=\"elementor-tab-content-1155\"><span class=\"eael-advanced-accordion-icon-closed\"><i aria-hidden=\"true\" class=\"fa-accordion-icon fas fa-plus\"><\/i><\/span><span class=\"eael-advanced-accordion-icon-opened\"><i aria-hidden=\"true\" class=\"fa-accordion-icon fas fa-minus\"><\/i><\/span><span class=\"eael-accordion-tab-title\">O\u00f9 se situe la Fondation Claudine Talon ? <\/span><i aria-hidden=\"true\" class=\"fa-toggle fas fa-angle-right\"><\/i><\/div><div id=\"elementor-tab-content-1155\" class=\"eael-accordion-content clearfix\" data-tab=\"5\" aria-labelledby=\"o-se-situe-la-fondation-claudine-talon-\"><p>La Fondation Claudine Talon\u00a0se situe dans le quartier \u00ab\u00a0Les Cocotiers\u00a0\u00bb \u00e0 Cotonou, au B\u00e9nin. Pour s\u2019y rendre, prendre la 2<sup>e<\/sup> ruelle \u00e0 droite apr\u00e8s \u00ab\u00a0Air France\u00a0\u00bb sur l\u2019avenue Jean-Paul II en direction de l\u2019a\u00e9roport.<\/p><\/div>\n\t\t\t\t\t<\/div><div class=\"eael-accordion-list\">\n\t\t\t\t\t<div id=\"quels-sont-les-horaires-douverture-de-la-fondation-claudine-talon-\" class=\"elementor-tab-title eael-accordion-header\" tabindex=\"0\" data-tab=\"6\" aria-controls=\"elementor-tab-content-1156\"><span class=\"eael-advanced-accordion-icon-closed\"><i aria-hidden=\"true\" class=\"fa-accordion-icon fas fa-plus\"><\/i><\/span><span class=\"eael-advanced-accordion-icon-opened\"><i aria-hidden=\"true\" class=\"fa-accordion-icon fas fa-minus\"><\/i><\/span><span class=\"eael-accordion-tab-title\">Quels sont les horaires d\u2019ouverture de la Fondation Claudine Talon ? <\/span><i aria-hidden=\"true\" class=\"fa-toggle fas fa-angle-right\"><\/i><\/div><div id=\"elementor-tab-content-1156\" class=\"eael-accordion-content clearfix\" data-tab=\"6\" aria-labelledby=\"quels-sont-les-horaires-douverture-de-la-fondation-claudine-talon-\"><p>Le secr\u00e9tariat de la Fondation Claudine Talon\u00a0est ouvert au public du lundi au vendredi de 8h30 \u00e0 13h, sauf les jours f\u00e9ri\u00e9s.<\/p><\/div>\n\t\t\t\t\t<\/div><div class=\"eael-accordion-list\">\n\t\t\t\t\t<div id=\"quels-sont-les-comptes-officiels-de-la-fondation-claudine-talon-sur-les-rseaux-sociaux-\" class=\"elementor-tab-title eael-accordion-header\" tabindex=\"0\" data-tab=\"7\" aria-controls=\"elementor-tab-content-1157\"><span class=\"eael-advanced-accordion-icon-closed\"><i aria-hidden=\"true\" class=\"fa-accordion-icon fas fa-plus\"><\/i><\/span><span class=\"eael-advanced-accordion-icon-opened\"><i aria-hidden=\"true\" class=\"fa-accordion-icon fas fa-minus\"><\/i><\/span><span class=\"eael-accordion-tab-title\">Quels sont les comptes officiels de la Fondation Claudine Talon sur les r\u00e9seaux sociaux ?<\/span><i aria-hidden=\"true\" class=\"fa-toggle fas fa-angle-right\"><\/i><\/div><div id=\"elementor-tab-content-1157\" class=\"eael-accordion-content clearfix\" data-tab=\"7\" aria-labelledby=\"quels-sont-les-comptes-officiels-de-la-fondation-claudine-talon-sur-les-rseaux-sociaux-\"><p>Les comptes officiels de la Fondation Claudine Talon sont\u00a0les suivants\u00a0:<\/p><ul><li><strong>Facebook <\/strong>: <a href=\"https:\/\/www.facebook.com\/FondationClaudineTalonPageOfficielle\">https:\/\/www.facebook.com\/fondationclaudinetalon<\/a><\/li><li><strong>Instagram <\/strong>: <a href=\"http:\/\/www.instagram.com\/fondationclaudinetalon\">http:\/\/www.instagram.com\/fondationclaudinetalon<\/a><\/li><li><strong>YouTube <\/strong>: <a href=\"https:\/\/www.youtube.com\/channel\/UClTeiVikv4SeJxzkzR_cfCg\">https:\/\/www.youtube.com\/fondationclaudinetalon<\/a><\/li><li><strong>Linkedin : <\/strong><a href=\"https:\/\/www.linkedin.com\/company\/fondationclaudinetalon\">https:\/\/www.linkedin.com\/company\/fondationclaudinetalon<\/a><\/li><\/ul><p><strong>La Fondation Claudine Talon dispose \u00e9galement d\u2019un site web <\/strong>: <a href=\"http:\/\/www.fondationclaudinetalon.org\">www.fondationclaudinetalon.org<\/a><\/p><p>De nombreuses pages ill\u00e9gitimes au nom de la Fondation Claudine Talon sont cr\u00e9\u00e9es sur les r\u00e9seaux sociaux par des personnes mal intentionn\u00e9es. Restez vigilants par rapport \u00e0 ces comptes dont l\u2019objectif est de soutirer des fonds. La Fondation Claudine Talon ne demande jamais d\u2019argent.<\/p><p>Par ailleurs, la Fondation Claudine Talon a une seule page Facebook, celle mentionn\u00e9e ci-dessus. Pour vous assurer d\u2019\u00eatre sur la bonne page, assurez-vous qu\u2019un \u00ab\u00a0v\u00a0\u00bb bleu est \u00e0 c\u00f4t\u00e9 du nom de la Fondation Claudine Talon. S&rsquo;il n&rsquo;y est pas, c&rsquo;est un faux compte.<\/p><p>Vous pouvez participer \u00e0 la lutte contre les faux comptes sur les r\u00e9seaux sociaux en les signalant aupr\u00e8s de Facebook et\/ou d\u2019Instagram.<\/p><\/div>\n\t\t\t\t\t<\/div><div class=\"eael-accordion-list\">\n\t\t\t\t\t<div id=\"la-fondation-claudine-talon-demande-t-elle-une-contribution-financire-pour-apporter-son-aide-\" class=\"elementor-tab-title eael-accordion-header\" tabindex=\"0\" data-tab=\"8\" aria-controls=\"elementor-tab-content-1158\"><span class=\"eael-advanced-accordion-icon-closed\"><i aria-hidden=\"true\" class=\"fa-accordion-icon fas fa-plus\"><\/i><\/span><span class=\"eael-advanced-accordion-icon-opened\"><i aria-hidden=\"true\" class=\"fa-accordion-icon fas fa-minus\"><\/i><\/span><span class=\"eael-accordion-tab-title\">La Fondation Claudine Talon demande-t-elle une contribution financi\u00e8re pour apporter son aide ?<\/span><i aria-hidden=\"true\" class=\"fa-toggle fas fa-angle-right\"><\/i><\/div><div id=\"elementor-tab-content-1158\" class=\"eael-accordion-content clearfix\" data-tab=\"8\" aria-labelledby=\"la-fondation-claudine-talon-demande-t-elle-une-contribution-financire-pour-apporter-son-aide-\"><p>En aucun cas la Fondation Claudine Talon ni Madame Claudine Talon ne demandent d\u2019argent.<\/p><p>Par ailleurs, aucun num\u00e9ro de t\u00e9l\u00e9phone\/WhatsApp n&rsquo;est communiqu\u00e9 sur les r\u00e9seaux sociaux. Tout message invitant \u00e0 contacter Madame Claudine Talon par ce biais doit \u00eatre consid\u00e9r\u00e9 comme une tentative d&rsquo;escroquerie.<\/p><\/div>\n\t\t\t\t\t<\/div><div class=\"eael-accordion-list\">\n\t\t\t\t\t<div id=\"jai-t-escroqu-par-une-personne-qui-a-usurp-lidentit-de-madame-claudine-talon-ou-dun-collaborateur-de-la-fondation-claudine-talon-que-faire-\" class=\"elementor-tab-title eael-accordion-header\" tabindex=\"0\" data-tab=\"9\" aria-controls=\"elementor-tab-content-1159\"><span class=\"eael-advanced-accordion-icon-closed\"><i aria-hidden=\"true\" class=\"fa-accordion-icon fas fa-plus\"><\/i><\/span><span class=\"eael-advanced-accordion-icon-opened\"><i aria-hidden=\"true\" class=\"fa-accordion-icon fas fa-minus\"><\/i><\/span><span class=\"eael-accordion-tab-title\">J\u2019ai \u00e9t\u00e9 escroqu\u00e9 par une personne qui a usurp\u00e9 l\u2019identit\u00e9 de Madame Claudine Talon ou d\u2019un collaborateur de la Fondation Claudine Talon, que faire ?<\/span><i aria-hidden=\"true\" class=\"fa-toggle fas fa-angle-right\"><\/i><\/div><div id=\"elementor-tab-content-1159\" class=\"eael-accordion-content clearfix\" data-tab=\"9\" aria-labelledby=\"jai-t-escroqu-par-une-personne-qui-a-usurp-lidentit-de-madame-claudine-talon-ou-dun-collaborateur-de-la-fondation-claudine-talon-que-faire-\"><p>Il vous est recommand\u00e9 de d\u00e9poser une plainte aupr\u00e8s de la police. Vous pourrez ainsi d\u00e9noncer le num\u00e9ro de t\u00e9l\u00e9phone et\/ou le compte concern\u00e9.<\/p><p>Vous pouvez \u00e9galement participer \u00e0 la lutte contre les faux comptes sur les r\u00e9seaux sociaux en les signalant aupr\u00e8s de Facebook et\/ou d\u2019Instagram.<\/p><\/div>\n\t\t\t\t\t<\/div><div class=\"eael-accordion-list\">\n\t\t\t\t\t<div id=\"je-vois-vos-actions-dans-tout-le-pays-pourquoi-ne-faites-vous-rien-pour-ma-commune-\" class=\"elementor-tab-title eael-accordion-header\" tabindex=\"0\" data-tab=\"10\" aria-controls=\"elementor-tab-content-11510\"><span class=\"eael-advanced-accordion-icon-closed\"><i aria-hidden=\"true\" class=\"fa-accordion-icon fas fa-plus\"><\/i><\/span><span class=\"eael-advanced-accordion-icon-opened\"><i aria-hidden=\"true\" class=\"fa-accordion-icon fas fa-minus\"><\/i><\/span><span class=\"eael-accordion-tab-title\">Je vois vos actions dans tout le pays, pourquoi ne faites-vous rien pour ma commune ?<\/span><i aria-hidden=\"true\" class=\"fa-toggle fas fa-angle-right\"><\/i><\/div><div id=\"elementor-tab-content-11510\" class=\"eael-accordion-content clearfix\" data-tab=\"10\" aria-labelledby=\"je-vois-vos-actions-dans-tout-le-pays-pourquoi-ne-faites-vous-rien-pour-ma-commune-\"><p>La Fondation Claudine Talon intervient sur tout le territoire national. Certains projets couvrent les 12 d\u00e9partements du B\u00e9nin tandis que d\u2019autres sont plus sp\u00e9cifiques \u00e0 certaines r\u00e9gions.<\/p><p>La Fondation Claudine Talon propose une premi\u00e8re solution \u00e0 des populations dans le besoin mais elle n\u2019a pas vocation \u00e0 se substituer \u00e0 l\u2019\u00c9tat.<\/p><\/div>\n\t\t\t\t\t<\/div><div class=\"eael-accordion-list\">\n\t\t\t\t\t<div id=\"qui-travaille-la-fondation-claudine-talon-\" class=\"elementor-tab-title eael-accordion-header\" tabindex=\"0\" data-tab=\"11\" aria-controls=\"elementor-tab-content-11511\"><span class=\"eael-advanced-accordion-icon-closed\"><i aria-hidden=\"true\" class=\"fa-accordion-icon fas fa-plus\"><\/i><\/span><span class=\"eael-advanced-accordion-icon-opened\"><i aria-hidden=\"true\" class=\"fa-accordion-icon fas fa-minus\"><\/i><\/span><span class=\"eael-accordion-tab-title\">Qui travaille \u00e0 la Fondation Claudine Talon ? <\/span><i aria-hidden=\"true\" class=\"fa-toggle fas fa-angle-right\"><\/i><\/div><div id=\"elementor-tab-content-11511\" class=\"eael-accordion-content clearfix\" data-tab=\"11\" aria-labelledby=\"qui-travaille-la-fondation-claudine-talon-\"><p>La Fondation Claudine Talon est dirig\u00e9e par sa Pr\u00e9sidente, Madame Claudine Talon. Les principaux d\u00e9partements \u00ab\u00a0Programmes\u00a0\u00bb, \u00ab\u00a0Communication\u00a0\u00bb et \u00ab\u00a0Administration &amp; Finances\u00a0\u00bb mobilisent des employ\u00e9s, des personnes-ressources et des conseillers.\u00a0<\/p><p>La Fondation Claudine Talon travaille \u00e9galement avec de nombreux partenaires locaux.<\/p><\/div>\n\t\t\t\t\t<\/div><div class=\"eael-accordion-list\">\n\t\t\t\t\t<div id=\"jaimerais-travailler-faire-un-stage-faire-du-bnvolat-la-fondation-claudine-talon-comment-faire-\" class=\"elementor-tab-title eael-accordion-header\" tabindex=\"0\" data-tab=\"12\" aria-controls=\"elementor-tab-content-11512\"><span class=\"eael-advanced-accordion-icon-closed\"><i aria-hidden=\"true\" class=\"fa-accordion-icon fas fa-plus\"><\/i><\/span><span class=\"eael-advanced-accordion-icon-opened\"><i aria-hidden=\"true\" class=\"fa-accordion-icon fas fa-minus\"><\/i><\/span><span class=\"eael-accordion-tab-title\">J\u2019aimerais travailler \/ faire un stage \/ faire du b\u00e9n\u00e9volat \u00e0 la Fondation Claudine Talon, comment faire ?<\/span><i aria-hidden=\"true\" class=\"fa-toggle fas fa-angle-right\"><\/i><\/div><div id=\"elementor-tab-content-11512\" class=\"eael-accordion-content clearfix\" data-tab=\"12\" aria-labelledby=\"jaimerais-travailler-faire-un-stage-faire-du-bnvolat-la-fondation-claudine-talon-comment-faire-\"><p>Les recrutements sont g\u00e9r\u00e9s par un cabinet ext\u00e9rieur. En aucun cas la Fondation Claudine Talon ni son cabinet de recrutement ne demandent d\u2019argent dans ces processus.<\/p><\/div>\n\t\t\t\t\t<\/div><div class=\"eael-accordion-list\">\n\t\t\t\t\t<div id=\"comment-devenir-membre-de-la-fondation-claudine-talon-\" class=\"elementor-tab-title eael-accordion-header\" tabindex=\"0\" data-tab=\"13\" aria-controls=\"elementor-tab-content-11513\"><span class=\"eael-advanced-accordion-icon-closed\"><i aria-hidden=\"true\" class=\"fa-accordion-icon fas fa-plus\"><\/i><\/span><span class=\"eael-advanced-accordion-icon-opened\"><i aria-hidden=\"true\" class=\"fa-accordion-icon fas fa-minus\"><\/i><\/span><span class=\"eael-accordion-tab-title\">Comment devenir membre de la Fondation Claudine Talon ? <\/span><i aria-hidden=\"true\" class=\"fa-toggle fas fa-angle-right\"><\/i><\/div><div id=\"elementor-tab-content-11513\" class=\"eael-accordion-content clearfix\" data-tab=\"13\" aria-labelledby=\"comment-devenir-membre-de-la-fondation-claudine-talon-\"><p>La Fondation Claudine Talon n\u2019est pas une association, elle ne propose donc pas d\u2019affiliation en tant que membre. N\u00e9anmoins vous pouvez augmenter la visibilit\u00e9 de la Fondation Claudine Talon et de ses actions en partageant ses publications.<\/p><\/div>\n\t\t\t\t\t<\/div><div class=\"eael-accordion-list\">\n\t\t\t\t\t<div id=\"comment-adresser-une-demande-daide-la-fondation-claudine-talon-\" class=\"elementor-tab-title eael-accordion-header\" tabindex=\"0\" data-tab=\"14\" aria-controls=\"elementor-tab-content-11514\"><span class=\"eael-advanced-accordion-icon-closed\"><i aria-hidden=\"true\" class=\"fa-accordion-icon fas fa-plus\"><\/i><\/span><span class=\"eael-advanced-accordion-icon-opened\"><i aria-hidden=\"true\" class=\"fa-accordion-icon fas fa-minus\"><\/i><\/span><span class=\"eael-accordion-tab-title\">Comment adresser une demande d\u2019aide \u00e0 la Fondation Claudine Talon ? <\/span><i aria-hidden=\"true\" class=\"fa-toggle fas fa-angle-right\"><\/i><\/div><div id=\"elementor-tab-content-11514\" class=\"eael-accordion-content clearfix\" data-tab=\"14\" aria-labelledby=\"comment-adresser-une-demande-daide-la-fondation-claudine-talon-\"><p>La Fondation Claudine Talon apporte essentiellement son soutien au travers de projets. L\u2019aide en dehors de ce cadre reste exceptionnelle. Elle est conditionn\u00e9e par l\u2019acceptation d\u2019un \u00e9crit argumentant la demande.<\/p><p>Les lettres et\/ou les dossiers de demandes d\u2019assistance sont \u00e0 d\u00e9poser au secr\u00e9tariat de la Fondation Claudine Talon ouvert au public du lundi au vendredi de 8h30 \u00e0 13h00, sauf les jours f\u00e9ri\u00e9s. <\/p><\/div>\n\t\t\t\t\t<\/div><\/div>\t\t\t\t<\/div>\n\t\t\t\t<\/div>\n\t\t\t\t\t<\/div>\n\t\t<\/div>\n\t\t\t\t\t<\/div>\n\t\t<\/section>\n\t\t\t\t<section class=\"elementor-section elementor-top-section elementor-element elementor-element-f36b71d elementor-section-boxed elementor-section-height-default elementor-section-height-default\" data-id=\"f36b71d\" data-element_type=\"section\" data-e-type=\"section\">\n\t\t\t\t\t\t<div class=\"elementor-container elementor-column-gap-default\">\n\t\t\t\t\t<div class=\"elementor-column elementor-col-100 elementor-top-column elementor-element elementor-element-25a9bb4\" data-id=\"25a9bb4\" data-element_type=\"column\" data-e-type=\"column\">\n\t\t\t<div class=\"elementor-widget-wrap elementor-element-populated\">\n\t\t\t\t\t\t<div class=\"elementor-element elementor-element-403f062 elementor-widget elementor-widget-spacer\" data-id=\"403f062\" data-element_type=\"widget\" data-e-type=\"widget\" data-widget_type=\"spacer.default\">\n\t\t\t\t<div class=\"elementor-widget-container\">\n\t\t\t\t\t\t\t<div class=\"elementor-spacer\">\n\t\t\t<div class=\"elementor-spacer-inner\"><\/div>\n\t\t<\/div>\n\t\t\t\t\t\t<\/div>\n\t\t\t\t<\/div>\n\t\t\t\t\t<\/div>\n\t\t<\/div>\n\t\t\t\t\t<\/div>\n\t\t<\/section>\n\t\t\t\t<section class=\"elementor-section elementor-top-section elementor-element elementor-element-106e7ae elementor-section-boxed elementor-section-height-default elementor-section-height-default\" data-id=\"106e7ae\" data-element_type=\"section\" data-e-type=\"section\">\n\t\t\t\t\t\t<div class=\"elementor-container elementor-column-gap-default\">\n\t\t\t\t\t<div class=\"elementor-column elementor-col-100 elementor-top-column elementor-element elementor-element-2ed5543\" data-id=\"2ed5543\" data-element_type=\"column\" data-e-type=\"column\">\n\t\t\t<div class=\"elementor-widget-wrap elementor-element-populated\">\n\t\t\t\t\t\t<div class=\"elementor-element elementor-element-d80903c elementor-widget elementor-widget-heading\" data-id=\"d80903c\" data-element_type=\"widget\" data-e-type=\"widget\" data-widget_type=\"heading.default\">\n\t\t\t\t<div class=\"elementor-widget-container\">\n\t\t\t\t\t<h2 class=\"elementor-heading-title elementor-size-default\">FAQ | Projet Z\u00e9ro fistule obst\u00e9tricale au B\u00e9nin<\/h2>\t\t\t\t<\/div>\n\t\t\t\t<\/div>\n\t\t\t\t<div class=\"elementor-element elementor-element-8f6d3ef elementor-widget elementor-widget-eael-adv-accordion\" data-id=\"8f6d3ef\" data-element_type=\"widget\" data-e-type=\"widget\" data-widget_type=\"eael-adv-accordion.default\">\n\t\t\t\t<div class=\"elementor-widget-container\">\n\t\t\t\t\t            <div class=\"eael-adv-accordion\" id=\"eael-adv-accordion-8f6d3ef\" data-scroll-on-click=\"no\" data-scroll-speed=\"300\" data-accordion-id=\"8f6d3ef\" data-accordion-type=\"accordion\" data-toogle-speed=\"300\">\n            <div class=\"eael-accordion-list\">\n\t\t\t\t\t<div id=\"quest-ce-que-la-fistule-obsttricale-\" class=\"elementor-tab-title eael-accordion-header\" tabindex=\"0\" data-tab=\"1\" aria-controls=\"elementor-tab-content-1501\"><span class=\"eael-advanced-accordion-icon-closed\"><i aria-hidden=\"true\" class=\"fa-accordion-icon fas fa-plus\"><\/i><\/span><span class=\"eael-advanced-accordion-icon-opened\"><i aria-hidden=\"true\" class=\"fa-accordion-icon fas fa-minus\"><\/i><\/span><span class=\"eael-accordion-tab-title\">Qu\u2019est-ce que la fistule obst\u00e9tricale ? <\/span><i aria-hidden=\"true\" class=\"fa-toggle fas fa-angle-right\"><\/i><\/div><div id=\"elementor-tab-content-1501\" class=\"eael-accordion-content clearfix\" data-tab=\"1\" aria-labelledby=\"quest-ce-que-la-fistule-obsttricale-\"><p>La fistule obst\u00e9tricale est une l\u00e9sion qui entra\u00eene une communication anormale entre le vagin et la vessie et\/ou le rectum, provoquant une incontinence urinaire et\/ou f\u00e9cale. La personne qui souffre de fistule obst\u00e9tricale n\u2019arrive donc plus \u00e0 contenir ses urines et\/ou ses selles.<\/p><\/div>\n\t\t\t\t\t<\/div><div class=\"eael-accordion-list\">\n\t\t\t\t\t<div id=\"est-ce-quon-peut-mourir-de-la-fistule-obsttricale-\" class=\"elementor-tab-title eael-accordion-header\" tabindex=\"0\" data-tab=\"2\" aria-controls=\"elementor-tab-content-1502\"><span class=\"eael-advanced-accordion-icon-closed\"><i aria-hidden=\"true\" class=\"fa-accordion-icon fas fa-plus\"><\/i><\/span><span class=\"eael-advanced-accordion-icon-opened\"><i aria-hidden=\"true\" class=\"fa-accordion-icon fas fa-minus\"><\/i><\/span><span class=\"eael-accordion-tab-title\">Est-ce qu\u2019on peut mourir de la fistule obst\u00e9tricale ?<\/span><i aria-hidden=\"true\" class=\"fa-toggle fas fa-angle-right\"><\/i><\/div><div id=\"elementor-tab-content-1502\" class=\"eael-accordion-content clearfix\" data-tab=\"2\" aria-labelledby=\"est-ce-quon-peut-mourir-de-la-fistule-obsttricale-\"><p>Non, la fistule obst\u00e9tricale ne tue pas. Cependant, elle a un impact social et psychologique extr\u00eamement difficile \u00e0 supporter pour la femme qui en souffre.<\/p><\/div>\n\t\t\t\t\t<\/div><div class=\"eael-accordion-list\">\n\t\t\t\t\t<div id=\"comment-attrape-t-on-une-fistule-obsttricale-\" class=\"elementor-tab-title eael-accordion-header\" tabindex=\"0\" data-tab=\"3\" aria-controls=\"elementor-tab-content-1503\"><span class=\"eael-advanced-accordion-icon-closed\"><i aria-hidden=\"true\" class=\"fa-accordion-icon fas fa-plus\"><\/i><\/span><span class=\"eael-advanced-accordion-icon-opened\"><i aria-hidden=\"true\" class=\"fa-accordion-icon fas fa-minus\"><\/i><\/span><span class=\"eael-accordion-tab-title\">Comment attrape-t-on une fistule obst\u00e9tricale ?<\/span><i aria-hidden=\"true\" class=\"fa-toggle fas fa-angle-right\"><\/i><\/div><div id=\"elementor-tab-content-1503\" class=\"eael-accordion-content clearfix\" data-tab=\"3\" aria-labelledby=\"comment-attrape-t-on-une-fistule-obsttricale-\"><p>La fistule obst\u00e9tricale peut survenir \u00e0 la suite d\u2019un accouchement long et difficile.<\/p><\/div>\n\t\t\t\t\t<\/div><div class=\"eael-accordion-list\">\n\t\t\t\t\t<div id=\"est-ce-la-fistule-obsttricale-est-contagieuse-\" class=\"elementor-tab-title eael-accordion-header\" tabindex=\"0\" data-tab=\"4\" aria-controls=\"elementor-tab-content-1504\"><span class=\"eael-advanced-accordion-icon-closed\"><i aria-hidden=\"true\" class=\"fa-accordion-icon fas fa-plus\"><\/i><\/span><span class=\"eael-advanced-accordion-icon-opened\"><i aria-hidden=\"true\" class=\"fa-accordion-icon fas fa-minus\"><\/i><\/span><span class=\"eael-accordion-tab-title\">Est-ce la fistule obst\u00e9tricale est contagieuse ?<\/span><i aria-hidden=\"true\" class=\"fa-toggle fas fa-angle-right\"><\/i><\/div><div id=\"elementor-tab-content-1504\" class=\"eael-accordion-content clearfix\" data-tab=\"4\" aria-labelledby=\"est-ce-la-fistule-obsttricale-est-contagieuse-\"><p>Non, la fistule obst\u00e9tricale n\u2019est pas contagieuse.<\/p><\/div>\n\t\t\t\t\t<\/div><div class=\"eael-accordion-list\">\n\t\t\t\t\t<div id=\"peut-on-gurir-de-la-fistule-obsttricale-\" class=\"elementor-tab-title eael-accordion-header\" tabindex=\"0\" data-tab=\"5\" aria-controls=\"elementor-tab-content-1505\"><span class=\"eael-advanced-accordion-icon-closed\"><i aria-hidden=\"true\" class=\"fa-accordion-icon fas fa-plus\"><\/i><\/span><span class=\"eael-advanced-accordion-icon-opened\"><i aria-hidden=\"true\" class=\"fa-accordion-icon fas fa-minus\"><\/i><\/span><span class=\"eael-accordion-tab-title\">Peut-on gu\u00e9rir de la fistule obst\u00e9tricale ?<\/span><i aria-hidden=\"true\" class=\"fa-toggle fas fa-angle-right\"><\/i><\/div><div id=\"elementor-tab-content-1505\" class=\"eael-accordion-content clearfix\" data-tab=\"5\" aria-labelledby=\"peut-on-gurir-de-la-fistule-obsttricale-\"><p>Oui, gr\u00e2ce \u00e0 une op\u00e9ration chirurgicale, il est possible de gu\u00e9rir de la fistule obst\u00e9tricale. Par le biais du projet Z\u00e9ro fistule obst\u00e9tricale au B\u00e9nin, la Fondation Claudine Talon permet aux femmes d\u2019\u00eatre op\u00e9r\u00e9es gratuitement.<\/p><\/div>\n\t\t\t\t\t<\/div><div class=\"eael-accordion-list\">\n\t\t\t\t\t<div id=\"je-connais-quelquun-qui-souffre-de-la-fistule-obsttricale-comment-puis-je-vous-contacter-\" class=\"elementor-tab-title eael-accordion-header\" tabindex=\"0\" data-tab=\"6\" aria-controls=\"elementor-tab-content-1506\"><span class=\"eael-advanced-accordion-icon-closed\"><i aria-hidden=\"true\" class=\"fa-accordion-icon fas fa-plus\"><\/i><\/span><span class=\"eael-advanced-accordion-icon-opened\"><i aria-hidden=\"true\" class=\"fa-accordion-icon fas fa-minus\"><\/i><\/span><span class=\"eael-accordion-tab-title\">Je connais quelqu\u2019un qui souffre de la fistule obst\u00e9tricale, comment puis-je vous contacter ?<\/span><i aria-hidden=\"true\" class=\"fa-toggle fas fa-angle-right\"><\/i><\/div><div id=\"elementor-tab-content-1506\" class=\"eael-accordion-content clearfix\" data-tab=\"6\" aria-labelledby=\"je-connais-quelquun-qui-souffre-de-la-fistule-obsttricale-comment-puis-je-vous-contacter-\"><p>Si vous connaissez une femme qui pr\u00e9sente des sympt\u00f4mes de la fistule obst\u00e9tricale (perte d\u2019urines et\/ou de selles), vous pouvez lui transmettre le num\u00e9ro de t\u00e9l\u00e9phone gratuit du projet \u00ab\u00a0Z\u00e9ro fistule obst\u00e9tricale au B\u00e9nin\u00a0\u00bb de la Fondation Claudine Talon : (+229) 69 59 88 88.<\/p><p>La standardiste pourra alors l\u2019informer sur la fistule obst\u00e9tricale et sur les \u00e9tapes de prise en charge de cette maladie (d\u00e9pistage, op\u00e9ration, r\u00e9insertion socio-\u00e9conomique). Toutes ces \u00e9tapes sont gratuites.\u00a0<\/p><\/div>\n\t\t\t\t\t<\/div><div class=\"eael-accordion-list\">\n\t\t\t\t\t<div id=\"est-ce-que-la-patiente-doit-payer-pour-se-faire-oprer-de-la-fistule-obsttricale-\" class=\"elementor-tab-title eael-accordion-header\" tabindex=\"0\" data-tab=\"7\" aria-controls=\"elementor-tab-content-1507\"><span class=\"eael-advanced-accordion-icon-closed\"><i aria-hidden=\"true\" class=\"fa-accordion-icon fas fa-plus\"><\/i><\/span><span class=\"eael-advanced-accordion-icon-opened\"><i aria-hidden=\"true\" class=\"fa-accordion-icon fas fa-minus\"><\/i><\/span><span class=\"eael-accordion-tab-title\">Est-ce que la patiente doit payer pour se faire op\u00e9rer de la fistule obst\u00e9tricale ?<\/span><i aria-hidden=\"true\" class=\"fa-toggle fas fa-angle-right\"><\/i><\/div><div id=\"elementor-tab-content-1507\" class=\"eael-accordion-content clearfix\" data-tab=\"7\" aria-labelledby=\"est-ce-que-la-patiente-doit-payer-pour-se-faire-oprer-de-la-fistule-obsttricale-\"><p>L\u2019op\u00e9ration de chirurgie r\u00e9paratrice de la fistule obst\u00e9tricale par le biais du projet \u00ab\u00a0Z\u00e9ro fistule obst\u00e9tricale au B\u00e9nin\u00a0\u00bb de la Fondation Claudine Talon est enti\u00e8rement gratuite pour la patiente. Sa prise en charge pr\u00e9 et postop\u00e9ratoire ainsi que sa r\u00e9insertion socio-\u00e9conomique sont financ\u00e9es la Fondation Claudine Talon, tandis que sa prise en charge op\u00e9ratoire est assur\u00e9e par l\u2019ONG partenaire Art\u00e9m\u00e9dis.<\/p><\/div>\n\t\t\t\t\t<\/div><\/div>\t\t\t\t<\/div>\n\t\t\t\t<\/div>\n\t\t\t\t\t<\/div>\n\t\t<\/div>\n\t\t\t\t\t<\/div>\n\t\t<\/section>\n\t\t\t\t<section class=\"elementor-section elementor-top-section elementor-element elementor-element-327af80 elementor-section-boxed elementor-section-height-default elementor-section-height-default\" data-id=\"327af80\" data-element_type=\"section\" data-e-type=\"section\">\n\t\t\t\t\t\t<div class=\"elementor-container elementor-column-gap-default\">\n\t\t\t\t\t<div class=\"elementor-column elementor-col-100 elementor-top-column elementor-element elementor-element-427a87c\" data-id=\"427a87c\" data-element_type=\"column\" data-e-type=\"column\">\n\t\t\t<div class=\"elementor-widget-wrap elementor-element-populated\">\n\t\t\t\t\t\t<div class=\"elementor-element elementor-element-6ade203 elementor-widget elementor-widget-spacer\" data-id=\"6ade203\" data-element_type=\"widget\" data-e-type=\"widget\" data-widget_type=\"spacer.default\">\n\t\t\t\t<div class=\"elementor-widget-container\">\n\t\t\t\t\t\t\t<div class=\"elementor-spacer\">\n\t\t\t<div class=\"elementor-spacer-inner\"><\/div>\n\t\t<\/div>\n\t\t\t\t\t\t<\/div>\n\t\t\t\t<\/div>\n\t\t\t\t\t<\/div>\n\t\t<\/div>\n\t\t\t\t\t<\/div>\n\t\t<\/section>\n\t\t\t\t<section class=\"elementor-section elementor-top-section elementor-element elementor-element-1792608 elementor-section-boxed elementor-section-height-default elementor-section-height-default\" data-id=\"1792608\" data-element_type=\"section\" data-e-type=\"section\">\n\t\t\t\t\t\t<div class=\"elementor-container elementor-column-gap-default\">\n\t\t\t\t\t<div class=\"elementor-column elementor-col-100 elementor-top-column elementor-element elementor-element-c676b79\" data-id=\"c676b79\" data-element_type=\"column\" data-e-type=\"column\">\n\t\t\t<div class=\"elementor-widget-wrap elementor-element-populated\">\n\t\t\t\t\t\t<div class=\"elementor-element elementor-element-b84000d elementor-widget elementor-widget-heading\" data-id=\"b84000d\" data-element_type=\"widget\" data-e-type=\"widget\" data-widget_type=\"heading.default\">\n\t\t\t\t<div class=\"elementor-widget-container\">\n\t\t\t\t\t<h2 class=\"elementor-heading-title elementor-size-default\">FAQ | Projet Appui \u00e0 l'Agence Nationale pour la Transfusion Sanguine<\/h2>\t\t\t\t<\/div>\n\t\t\t\t<\/div>\n\t\t\t\t<div class=\"elementor-element elementor-element-61bf5a3 elementor-widget elementor-widget-eael-adv-accordion\" data-id=\"61bf5a3\" data-element_type=\"widget\" data-e-type=\"widget\" data-widget_type=\"eael-adv-accordion.default\">\n\t\t\t\t<div class=\"elementor-widget-container\">\n\t\t\t\t\t            <div class=\"eael-adv-accordion\" id=\"eael-adv-accordion-61bf5a3\" data-scroll-on-click=\"no\" data-scroll-speed=\"300\" data-accordion-id=\"61bf5a3\" data-accordion-type=\"accordion\" data-toogle-speed=\"300\">\n            <div class=\"eael-accordion-list\">\n\t\t\t\t\t<div id=\"o-et-quand-puis-je-donner-mon-sang-\" class=\"elementor-tab-title eael-accordion-header\" tabindex=\"0\" data-tab=\"1\" aria-controls=\"elementor-tab-content-1021\"><span class=\"eael-advanced-accordion-icon-closed\"><i aria-hidden=\"true\" class=\"fa-accordion-icon fas fa-plus\"><\/i><\/span><span class=\"eael-advanced-accordion-icon-opened\"><i aria-hidden=\"true\" class=\"fa-accordion-icon fas fa-minus\"><\/i><\/span><span class=\"eael-accordion-tab-title\">O\u00f9 et quand puis-je donner mon sang ? <\/span><i aria-hidden=\"true\" class=\"fa-toggle fas fa-angle-right\"><\/i><\/div><div id=\"elementor-tab-content-1021\" class=\"eael-accordion-content clearfix\" data-tab=\"1\" aria-labelledby=\"o-et-quand-puis-je-donner-mon-sang-\"><p>Au B\u00e9nin, l\u2019Agence Nationale pour la Transfusion Sanguine est le seul organisme habilit\u00e9 \u00e0 pr\u00e9lever, \u00e0 analyser et \u00e0 acheminer le sang et ses d\u00e9riv\u00e9s vers les banques de sang. L\u2019Agence veille \u00e9galement au respect du protocole d\u2019attribution des produits sanguins.<\/p><p>\u00a0<\/p><p>Au B\u00e9nin, il est possible de donner son sang\u00a0:<\/p><ul><li>Lors de collectes mobiles\u00a0organis\u00e9es par l\u2019Agence Nationale pour la Transfusion Sanguine<\/li><li>Dans le camion itin\u00e9rant de la Fondation Claudine Talon. Les dates et lieux de sortie du camion sont disponibles sur le site internet\u00a0: <a href=\"https:\/\/fondationclaudinetalon.org\/index.php\/appui-a-lants\/\">https:\/\/fondationclaudinetalon.org\/index.php\/appui-a-lants\/<\/a><\/li><li>Dans les postes fixes de l\u2019Agence Nationale pour la Transfusion Sanguine, \u00e0 savoir\u00a0:<ul><li>Dans le d\u00e9partement du Littoral\u00a0:<ul><li>CNHU<\/li><li>CHU-MEL<\/li><\/ul><\/li><li>Dans le d\u00e9partement de l\u2019Atlantique\u00a0: H\u00f4pital de Zone de Calavi<\/li><li>Dans le d\u00e9partement de l\u2019Ou\u00e9m\u00e9\u00a0: Service de transfusion sanguine sis \u00e0 c\u00f4t\u00e9 de la maison des jeunes \u00e0 Djegankpevi<\/li><li>Dans le d\u00e9partement du Plateau\u00a0:<ul><li>H\u00f4pital de Zone de Sak\u00e9t\u00e9<\/li><li>H\u00f4pital de Zone de K\u00e9tou<\/li><li>H\u00f4pital de Zone de Pob\u00e8<\/li><\/ul><\/li><li>Dans le d\u00e9partement du Mono\u00a0:<ul><li>H\u00f4pital de Zone de Lokossa<\/li><li>H\u00f4pital de Zone de Com\u00e8<\/li><li>Service de transfusion sanguine du Mono, derri\u00e8re la Direction D\u00e9partementale de la Sant\u00e9<\/li><\/ul><\/li><li>Dans le d\u00e9partement du Couffo\u00a0:<ul><li>H\u00f4pital de Zone de Klou\u00e9kanm\u00e8<\/li><li>H\u00f4pital de Zone d\u2019Aplahou\u00e9<\/li><li>Centre de Sant\u00e9 Sainte Camille de Dogbo<\/li><li>Centre de Sant\u00e9 APH de Gohomey<\/li><\/ul><\/li><li>Dans le d\u00e9partement du Zou<ul><li>H\u00f4pital de Zone d\u2019Abomey<\/li><li>H\u00f4pital de Zone de Cov\u00e8<\/li><\/ul><\/li><li>Dans le d\u00e9partement des Collines\u00a0:<ul><li>Centre de Sant\u00e9 de Ou\u00e8ss\u00e8<\/li><li>H\u00f4pital de Zone de Dassa-Zoum\u00e9<\/li><li>H\u00f4pital de Zone de Savalou<\/li><li>H\u00f4pital de Zone de Sav\u00e8<\/li><li>Centre de Sant\u00e9 de Bant\u00e8<\/li><li>Centre de Sant\u00e9 de Glazou\u00e9<\/li><\/ul><\/li><li>Dans le d\u00e9partement du Borgou\u00a0:<ul><li>Antenne de l\u2019ANTS, face \u00e0 l\u2019ORTB de Parakou<\/li><li>H\u00f4pital de Zone de Bemb\u00e9r\u00e9k\u00e9<\/li><li>Centre de Sant\u00e9 de Kalal\u00e9<\/li><li>H\u00f4pital de Zone de Sounon Sero de Nikki<\/li><\/ul><\/li><li>Dans le d\u00e9partement de l\u2019Alibori\u00a0:<ul><li>H\u00f4pital de Zone de Kandi<\/li><li>H\u00f4pital de Zone de Malanville<\/li><li>H\u00f4pital de Zone de Banikora<\/li><li>Centre de Sant\u00e9 de Segbana<\/li><li>Centre de Sant\u00e9 de Karimama<\/li><\/ul><\/li><li>Dans le d\u00e9partement de la Donga\u00a0:<ul><li>H\u00f4pital Ordre de Malte \u00e0 Djougou<\/li><li>H\u00f4pital de Zone de Bassila<\/li><li>Centre de Sant\u00e9 de Ouak\u00e9<\/li><\/ul><\/li><li>Dans le d\u00e9partement de l\u2019Atacora\u00a0:<ul><li>DDS Atacora Natitingou<\/li><li>Centre de Sant\u00e9 de Boukomb\u00e9<\/li><li>Centre de Sant\u00e9 de K\u00e9rou<\/li><li>H\u00f4pital de Zone de Kouand\u00e9<\/li><li>H\u00f4pital Saint Jean de Dieu de Tangui\u00e9ta<\/li><li>H\u00f4pital Saint Martin de Papan\u00e9 Tchaourou<\/li><\/ul><\/li><\/ul><\/li><\/ul><\/div>\n\t\t\t\t\t<\/div><div class=\"eael-accordion-list\">\n\t\t\t\t\t<div id=\"quels-sont-les-principes-thiques-rgissant-un-don-de-sang-au-bnin-\" class=\"elementor-tab-title eael-accordion-header\" tabindex=\"0\" data-tab=\"2\" aria-controls=\"elementor-tab-content-1022\"><span class=\"eael-advanced-accordion-icon-closed\"><i aria-hidden=\"true\" class=\"fa-accordion-icon fas fa-plus\"><\/i><\/span><span class=\"eael-advanced-accordion-icon-opened\"><i aria-hidden=\"true\" class=\"fa-accordion-icon fas fa-minus\"><\/i><\/span><span class=\"eael-accordion-tab-title\">Quels sont les principes \u00e9thiques r\u00e9gissant un don de sang au B\u00e9nin ?<\/span><i aria-hidden=\"true\" class=\"fa-toggle fas fa-angle-right\"><\/i><\/div><div id=\"elementor-tab-content-1022\" class=\"eael-accordion-content clearfix\" data-tab=\"2\" aria-labelledby=\"quels-sont-les-principes-thiques-rgissant-un-don-de-sang-au-bnin-\"><p>Au B\u00e9nin, le don de sang est r\u00e9gi par 5 principes \u00e9thiques, que sont\u00a0:<\/p><ol><li>Le b\u00e9n\u00e9volat<\/li><li>Le volontariat<\/li><li>L\u2019anonymat<\/li><li>L\u2019absence de profit<\/li><li>La responsabilit\u00e9<\/li><\/ol><\/div>\n\t\t\t\t\t<\/div><div class=\"eael-accordion-list\">\n\t\t\t\t\t<div id=\"pourquoi-devrais-je-donner-mon-sang-\" class=\"elementor-tab-title eael-accordion-header\" tabindex=\"0\" data-tab=\"3\" aria-controls=\"elementor-tab-content-1023\"><span class=\"eael-advanced-accordion-icon-closed\"><i aria-hidden=\"true\" class=\"fa-accordion-icon fas fa-plus\"><\/i><\/span><span class=\"eael-advanced-accordion-icon-opened\"><i aria-hidden=\"true\" class=\"fa-accordion-icon fas fa-minus\"><\/i><\/span><span class=\"eael-accordion-tab-title\">Pourquoi devrais-je donner mon sang ?<\/span><i aria-hidden=\"true\" class=\"fa-toggle fas fa-angle-right\"><\/i><\/div><div id=\"elementor-tab-content-1023\" class=\"eael-accordion-content clearfix\" data-tab=\"3\" aria-labelledby=\"pourquoi-devrais-je-donner-mon-sang-\"><p>Nous connaissons tous quelqu\u2019un qui a eu besoin d\u2019une poche de sang ou qui est d\u00e9c\u00e9d\u00e9 par manque de sang\u2026 Cela ne doit plus arriver et malheureusement, le sang ne se fabrique pas.<\/p><\/div>\n\t\t\t\t\t<\/div><div class=\"eael-accordion-list\">\n\t\t\t\t\t<div id=\"-qui-est-destin-mon-don-de-sang-\" class=\"elementor-tab-title eael-accordion-header\" tabindex=\"0\" data-tab=\"4\" aria-controls=\"elementor-tab-content-1024\"><span class=\"eael-advanced-accordion-icon-closed\"><i aria-hidden=\"true\" class=\"fa-accordion-icon fas fa-plus\"><\/i><\/span><span class=\"eael-advanced-accordion-icon-opened\"><i aria-hidden=\"true\" class=\"fa-accordion-icon fas fa-minus\"><\/i><\/span><span class=\"eael-accordion-tab-title\">\u00c0 qui est destin\u00e9 mon don de sang ?<\/span><i aria-hidden=\"true\" class=\"fa-toggle fas fa-angle-right\"><\/i><\/div><div id=\"elementor-tab-content-1024\" class=\"eael-accordion-content clearfix\" data-tab=\"4\" aria-labelledby=\"-qui-est-destin-mon-don-de-sang-\"><p>Un don de sang viendra en aide aux personnes ayant besoin d\u2019\u00eatre transfus\u00e9es, principalement\u00a0:<\/p><ul><li>Des enfants an\u00e9mi\u00e9s (forme s\u00e9v\u00e8re de paludisme, malnutrition, infection)<\/li><li>Des femmes lors de l\u2019accouchement<\/li><li>Des personnes atteintes de maladies h\u00e9matologiques (dr\u00e9panocytose, thalass\u00e9mie, h\u00e9mophilies de type A et B)<\/li><li>Des accident\u00e9s de la route<\/li><li>Des personnes devant subir une intervention chirurgicale<\/li><li>Des personnes dialys\u00e9es<\/li><\/ul><\/div>\n\t\t\t\t\t<\/div><div class=\"eael-accordion-list\">\n\t\t\t\t\t<div id=\"pourquoi-est-ce-que-je-ne-peux-pas-choisir-la-personne-qui-va-recevoir-mon-sang-\" class=\"elementor-tab-title eael-accordion-header\" tabindex=\"0\" data-tab=\"5\" aria-controls=\"elementor-tab-content-1025\"><span class=\"eael-advanced-accordion-icon-closed\"><i aria-hidden=\"true\" class=\"fa-accordion-icon fas fa-plus\"><\/i><\/span><span class=\"eael-advanced-accordion-icon-opened\"><i aria-hidden=\"true\" class=\"fa-accordion-icon fas fa-minus\"><\/i><\/span><span class=\"eael-accordion-tab-title\">Pourquoi est-ce que je ne peux pas choisir la personne qui va recevoir mon sang ?<\/span><i aria-hidden=\"true\" class=\"fa-toggle fas fa-angle-right\"><\/i><\/div><div id=\"elementor-tab-content-1025\" class=\"eael-accordion-content clearfix\" data-tab=\"5\" aria-labelledby=\"pourquoi-est-ce-que-je-ne-peux-pas-choisir-la-personne-qui-va-recevoir-mon-sang-\"><p>L\u2019anonymat entre donneur de sang et receveur de produits sanguins a pour principal objectif que le receveur ne se sente pas redevable envers le donneur.<\/p><\/div>\n\t\t\t\t\t<\/div><div class=\"eael-accordion-list\">\n\t\t\t\t\t<div id=\"qui-peut-donner-son-sang-\" class=\"elementor-tab-title eael-accordion-header\" tabindex=\"0\" data-tab=\"6\" aria-controls=\"elementor-tab-content-1026\"><span class=\"eael-advanced-accordion-icon-closed\"><i aria-hidden=\"true\" class=\"fa-accordion-icon fas fa-plus\"><\/i><\/span><span class=\"eael-advanced-accordion-icon-opened\"><i aria-hidden=\"true\" class=\"fa-accordion-icon fas fa-minus\"><\/i><\/span><span class=\"eael-accordion-tab-title\">Qui peut donner son sang ?<\/span><i aria-hidden=\"true\" class=\"fa-toggle fas fa-angle-right\"><\/i><\/div><div id=\"elementor-tab-content-1026\" class=\"eael-accordion-content clearfix\" data-tab=\"6\" aria-labelledby=\"qui-peut-donner-son-sang-\"><p>De mani\u00e8re g\u00e9n\u00e9rale, toute personne en bonne sant\u00e9, \u00e2g\u00e9e entre 18 et 65 ans et pesant 50 kg et plus peut donner son sang. Avant de donner son sang, chaque candidat au don est soumis \u00e0 une consultation m\u00e9dicale effectu\u00e9e par un agent de sant\u00e9 permettant de juger de son aptitude au don. Cette \u00e9tape permet de s\u2019assurer que le don est sans danger pour le donneur et le receveur.<\/p><\/div>\n\t\t\t\t\t<\/div><div class=\"eael-accordion-list\">\n\t\t\t\t\t<div id=\"dois-je-apporter-un-document-lors-dun-don-de-sang-\" class=\"elementor-tab-title eael-accordion-header\" tabindex=\"0\" data-tab=\"7\" aria-controls=\"elementor-tab-content-1027\"><span class=\"eael-advanced-accordion-icon-closed\"><i aria-hidden=\"true\" class=\"fa-accordion-icon fas fa-plus\"><\/i><\/span><span class=\"eael-advanced-accordion-icon-opened\"><i aria-hidden=\"true\" class=\"fa-accordion-icon fas fa-minus\"><\/i><\/span><span class=\"eael-accordion-tab-title\">Dois-je apporter un document lors d\u2019un don de sang ?<\/span><i aria-hidden=\"true\" class=\"fa-toggle fas fa-angle-right\"><\/i><\/div><div id=\"elementor-tab-content-1027\" class=\"eael-accordion-content clearfix\" data-tab=\"7\" aria-labelledby=\"dois-je-apporter-un-document-lors-dun-don-de-sang-\"><p>Lors d\u2019un don de sang, il faut vous munir d\u2019une pi\u00e8ce d\u2019identit\u00e9 et \u00e9ventuellement de la carte de donneur.<\/p><\/div>\n\t\t\t\t\t<\/div><div class=\"eael-accordion-list\">\n\t\t\t\t\t<div id=\"combien-de-temps-dure-un-don-de-sang-\" class=\"elementor-tab-title eael-accordion-header\" tabindex=\"0\" data-tab=\"8\" aria-controls=\"elementor-tab-content-1028\"><span class=\"eael-advanced-accordion-icon-closed\"><i aria-hidden=\"true\" class=\"fa-accordion-icon fas fa-plus\"><\/i><\/span><span class=\"eael-advanced-accordion-icon-opened\"><i aria-hidden=\"true\" class=\"fa-accordion-icon fas fa-minus\"><\/i><\/span><span class=\"eael-accordion-tab-title\">Combien de temps dure un don de sang ?<\/span><i aria-hidden=\"true\" class=\"fa-toggle fas fa-angle-right\"><\/i><\/div><div id=\"elementor-tab-content-1028\" class=\"eael-accordion-content clearfix\" data-tab=\"8\" aria-labelledby=\"combien-de-temps-dure-un-don-de-sang-\"><p>Un don de sang comprend plusieurs \u00e9tapes\u00a0:<\/p><ol><li>Le remplissage d\u2019un questionnaire de sant\u00e9 permettant la cr\u00e9ation ou la mise \u00e0 jour du dossier du candidat au don<\/li><li>L\u2019entretien m\u00e9dical permettant de s\u2019assurer que le candidat au don ne prend aucun risque pour lui-m\u00eame et pour le receveur<\/li><li>Le pr\u00e9l\u00e8vement de sang apr\u00e8s avis favorable du m\u00e9decin<\/li><li>La collation et le repos sous surveillance m\u00e9dicale<\/li><\/ol><p>L\u2019int\u00e9gralit\u00e9 du parcours dure en moyenne 45 minutes.<\/p><p>L\u2019acte de pr\u00e9l\u00e8vement sanguin dure en moyenne 10 minutes.<\/p><\/div>\n\t\t\t\t\t<\/div><div class=\"eael-accordion-list\">\n\t\t\t\t\t<div id=\"pourquoi-est-ce-que-je-dois-remplir-un-questionnaire-chaque-fois-avant-de-donner-mon-sang-\" class=\"elementor-tab-title eael-accordion-header\" tabindex=\"0\" data-tab=\"9\" aria-controls=\"elementor-tab-content-1029\"><span class=\"eael-advanced-accordion-icon-closed\"><i aria-hidden=\"true\" class=\"fa-accordion-icon fas fa-plus\"><\/i><\/span><span class=\"eael-advanced-accordion-icon-opened\"><i aria-hidden=\"true\" class=\"fa-accordion-icon fas fa-minus\"><\/i><\/span><span class=\"eael-accordion-tab-title\">Pourquoi est-ce que je dois remplir un questionnaire \u00e0 chaque fois avant de donner mon sang ?<\/span><i aria-hidden=\"true\" class=\"fa-toggle fas fa-angle-right\"><\/i><\/div><div id=\"elementor-tab-content-1029\" class=\"eael-accordion-content clearfix\" data-tab=\"9\" aria-labelledby=\"pourquoi-est-ce-que-je-dois-remplir-un-questionnaire-chaque-fois-avant-de-donner-mon-sang-\"><p>Il est important de r\u00e9actualiser \u00e0 chaque don les informations li\u00e9es au candidat au don (adresse, num\u00e9ro de t\u00e9l\u00e9phone, \u00e9tat de sant\u00e9 et traitements en cours, voyages r\u00e9cents, vaccination, etc.).<\/p><\/div>\n\t\t\t\t\t<\/div><div class=\"eael-accordion-list\">\n\t\t\t\t\t<div id=\"le-don-de-sang-est-il-douloureux-\" class=\"elementor-tab-title eael-accordion-header\" tabindex=\"0\" data-tab=\"10\" aria-controls=\"elementor-tab-content-10210\"><span class=\"eael-advanced-accordion-icon-closed\"><i aria-hidden=\"true\" class=\"fa-accordion-icon fas fa-plus\"><\/i><\/span><span class=\"eael-advanced-accordion-icon-opened\"><i aria-hidden=\"true\" class=\"fa-accordion-icon fas fa-minus\"><\/i><\/span><span class=\"eael-accordion-tab-title\">Le don de sang est-il douloureux ?<\/span><i aria-hidden=\"true\" class=\"fa-toggle fas fa-angle-right\"><\/i><\/div><div id=\"elementor-tab-content-10210\" class=\"eael-accordion-content clearfix\" data-tab=\"10\" aria-labelledby=\"le-don-de-sang-est-il-douloureux-\"><p>Le don de sang n\u2019est pas plus douloureux qu\u2019un pr\u00e9l\u00e8vement de sang ordinaire pour des examens de laboratoire.<\/p><\/div>\n\t\t\t\t\t<\/div><div class=\"eael-accordion-list\">\n\t\t\t\t\t<div id=\"combien-de-sang-contient-lorganisme-humain-\" class=\"elementor-tab-title eael-accordion-header\" tabindex=\"0\" data-tab=\"11\" aria-controls=\"elementor-tab-content-10211\"><span class=\"eael-advanced-accordion-icon-closed\"><i aria-hidden=\"true\" class=\"fa-accordion-icon fas fa-plus\"><\/i><\/span><span class=\"eael-advanced-accordion-icon-opened\"><i aria-hidden=\"true\" class=\"fa-accordion-icon fas fa-minus\"><\/i><\/span><span class=\"eael-accordion-tab-title\">Combien de sang contient l\u2019organisme humain ?<\/span><i aria-hidden=\"true\" class=\"fa-toggle fas fa-angle-right\"><\/i><\/div><div id=\"elementor-tab-content-10211\" class=\"eael-accordion-content clearfix\" data-tab=\"11\" aria-labelledby=\"combien-de-sang-contient-lorganisme-humain-\"><p>En g\u00e9n\u00e9ral, l\u2019organisme humain contient 5 \u00e0 6 litres de sang.<\/p><\/div>\n\t\t\t\t\t<\/div><div class=\"eael-accordion-list\">\n\t\t\t\t\t<div id=\"quelle-quantit-de-sang-est-prleve-lors-dun-don-de-sang-\" class=\"elementor-tab-title eael-accordion-header\" tabindex=\"0\" data-tab=\"12\" aria-controls=\"elementor-tab-content-10212\"><span class=\"eael-advanced-accordion-icon-closed\"><i aria-hidden=\"true\" class=\"fa-accordion-icon fas fa-plus\"><\/i><\/span><span class=\"eael-advanced-accordion-icon-opened\"><i aria-hidden=\"true\" class=\"fa-accordion-icon fas fa-minus\"><\/i><\/span><span class=\"eael-accordion-tab-title\">Quelle quantit\u00e9 de sang est pr\u00e9lev\u00e9e lors d\u2019un don de sang ?<\/span><i aria-hidden=\"true\" class=\"fa-toggle fas fa-angle-right\"><\/i><\/div><div id=\"elementor-tab-content-10212\" class=\"eael-accordion-content clearfix\" data-tab=\"12\" aria-labelledby=\"quelle-quantit-de-sang-est-prleve-lors-dun-don-de-sang-\"><p>400 \u00e0 450 ml de sang sont pr\u00e9lev\u00e9s en fonction du poids, de la taille, du sexe et de l\u2019anciennet\u00e9 du donneur. Cela repr\u00e9sente environ 13% du volume sanguin.<\/p><\/div>\n\t\t\t\t\t<\/div><div class=\"eael-accordion-list\">\n\t\t\t\t\t<div id=\"en-combien-de-temps-lorganisme-remplace-t-il-le-sang-prlev-\" class=\"elementor-tab-title eael-accordion-header\" tabindex=\"0\" data-tab=\"13\" aria-controls=\"elementor-tab-content-10213\"><span class=\"eael-advanced-accordion-icon-closed\"><i aria-hidden=\"true\" class=\"fa-accordion-icon fas fa-plus\"><\/i><\/span><span class=\"eael-advanced-accordion-icon-opened\"><i aria-hidden=\"true\" class=\"fa-accordion-icon fas fa-minus\"><\/i><\/span><span class=\"eael-accordion-tab-title\">En combien de temps l\u2019organisme remplace-t-il le sang pr\u00e9lev\u00e9 ?<\/span><i aria-hidden=\"true\" class=\"fa-toggle fas fa-angle-right\"><\/i><\/div><div id=\"elementor-tab-content-10213\" class=\"eael-accordion-content clearfix\" data-tab=\"13\" aria-labelledby=\"en-combien-de-temps-lorganisme-remplace-t-il-le-sang-prlev-\"><p>En g\u00e9n\u00e9ral, l\u2019organisme compense le sang rapidement\u00a0: le plasma se r\u00e9g\u00e9n\u00e8re dans la journ\u00e9e et les cellules se r\u00e9g\u00e9n\u00e8rent au cours des semaines qui suivent le don.<\/p><\/div>\n\t\t\t\t\t<\/div><div class=\"eael-accordion-list\">\n\t\t\t\t\t<div id=\"-quelle-frquence-puis-je-donner-mon-sang-\" class=\"elementor-tab-title eael-accordion-header\" tabindex=\"0\" data-tab=\"14\" aria-controls=\"elementor-tab-content-10214\"><span class=\"eael-advanced-accordion-icon-closed\"><i aria-hidden=\"true\" class=\"fa-accordion-icon fas fa-plus\"><\/i><\/span><span class=\"eael-advanced-accordion-icon-opened\"><i aria-hidden=\"true\" class=\"fa-accordion-icon fas fa-minus\"><\/i><\/span><span class=\"eael-accordion-tab-title\">\u00c0 quelle fr\u00e9quence puis-je donner mon sang ?<\/span><i aria-hidden=\"true\" class=\"fa-toggle fas fa-angle-right\"><\/i><\/div><div id=\"elementor-tab-content-10214\" class=\"eael-accordion-content clearfix\" data-tab=\"14\" aria-labelledby=\"-quelle-frquence-puis-je-donner-mon-sang-\"><p>Les hommes peuvent donner leur sang tous les 3 mois et les femmes tous les 4 mois sans aucun risque pour leur sant\u00e9.<\/p><\/div>\n\t\t\t\t\t<\/div><div class=\"eael-accordion-list\">\n\t\t\t\t\t<div id=\"pourquoi-est-ce-que-je-ne-peux-donner-mon-son-sang-que-trois-ou-quatre-fois-par-an-\" class=\"elementor-tab-title eael-accordion-header\" tabindex=\"0\" data-tab=\"15\" aria-controls=\"elementor-tab-content-10215\"><span class=\"eael-advanced-accordion-icon-closed\"><i aria-hidden=\"true\" class=\"fa-accordion-icon fas fa-plus\"><\/i><\/span><span class=\"eael-advanced-accordion-icon-opened\"><i aria-hidden=\"true\" class=\"fa-accordion-icon fas fa-minus\"><\/i><\/span><span class=\"eael-accordion-tab-title\">Pourquoi est-ce que je ne peux donner mon son sang que trois ou quatre fois par an ?<\/span><i aria-hidden=\"true\" class=\"fa-toggle fas fa-angle-right\"><\/i><\/div><div id=\"elementor-tab-content-10215\" class=\"eael-accordion-content clearfix\" data-tab=\"15\" aria-labelledby=\"pourquoi-est-ce-que-je-ne-peux-donner-mon-son-sang-que-trois-ou-quatre-fois-par-an-\"><p>Ce rythme permet de pr\u00e9server le taux de fer de chaque donneur \u00e0 un seuil normal.<\/p><\/div>\n\t\t\t\t\t<\/div><div class=\"eael-accordion-list\">\n\t\t\t\t\t<div id=\"vais-je-recevoir-mes-rsultats-sanguins-suite-un-don-de-sang-\" class=\"elementor-tab-title eael-accordion-header\" tabindex=\"0\" data-tab=\"16\" aria-controls=\"elementor-tab-content-10216\"><span class=\"eael-advanced-accordion-icon-closed\"><i aria-hidden=\"true\" class=\"fa-accordion-icon fas fa-plus\"><\/i><\/span><span class=\"eael-advanced-accordion-icon-opened\"><i aria-hidden=\"true\" class=\"fa-accordion-icon fas fa-minus\"><\/i><\/span><span class=\"eael-accordion-tab-title\">Vais-je recevoir mes r\u00e9sultats sanguins suite \u00e0 un don de sang ?<\/span><i aria-hidden=\"true\" class=\"fa-toggle fas fa-angle-right\"><\/i><\/div><div id=\"elementor-tab-content-10216\" class=\"eael-accordion-content clearfix\" data-tab=\"16\" aria-labelledby=\"vais-je-recevoir-mes-rsultats-sanguins-suite-un-don-de-sang-\"><p>Les r\u00e9sultats sanguins sont mis \u00e0 la disposition de chaque \u00a0donneur.<\/p><\/div>\n\t\t\t\t\t<\/div><div class=\"eael-accordion-list\">\n\t\t\t\t\t<div id=\"combien-de-temps-dois-je-attendre-pour-avoir-mes-rsultats-suite-un-don-de-sang-\" class=\"elementor-tab-title eael-accordion-header\" tabindex=\"0\" data-tab=\"17\" aria-controls=\"elementor-tab-content-10217\"><span class=\"eael-advanced-accordion-icon-closed\"><i aria-hidden=\"true\" class=\"fa-accordion-icon fas fa-plus\"><\/i><\/span><span class=\"eael-advanced-accordion-icon-opened\"><i aria-hidden=\"true\" class=\"fa-accordion-icon fas fa-minus\"><\/i><\/span><span class=\"eael-accordion-tab-title\">Combien de temps dois-je attendre pour avoir mes r\u00e9sultats suite \u00e0 un don de sang ?<\/span><i aria-hidden=\"true\" class=\"fa-toggle fas fa-angle-right\"><\/i><\/div><div id=\"elementor-tab-content-10217\" class=\"eael-accordion-content clearfix\" data-tab=\"17\" aria-labelledby=\"combien-de-temps-dois-je-attendre-pour-avoir-mes-rsultats-suite-un-don-de-sang-\"><p>Les r\u00e9sultats sont disponibles au minimum un mois apr\u00e8s le don.<\/p><\/div>\n\t\t\t\t\t<\/div><div class=\"eael-accordion-list\">\n\t\t\t\t\t<div id=\"pourquoi-le-don-de-sang-nest-il-pas-rmunr-\" class=\"elementor-tab-title eael-accordion-header\" tabindex=\"0\" data-tab=\"18\" aria-controls=\"elementor-tab-content-10218\"><span class=\"eael-advanced-accordion-icon-closed\"><i aria-hidden=\"true\" class=\"fa-accordion-icon fas fa-plus\"><\/i><\/span><span class=\"eael-advanced-accordion-icon-opened\"><i aria-hidden=\"true\" class=\"fa-accordion-icon fas fa-minus\"><\/i><\/span><span class=\"eael-accordion-tab-title\">Pourquoi le don de sang n\u2019est-il pas r\u00e9mun\u00e9r\u00e9 ?<\/span><i aria-hidden=\"true\" class=\"fa-toggle fas fa-angle-right\"><\/i><\/div><div id=\"elementor-tab-content-10218\" class=\"eael-accordion-content clearfix\" data-tab=\"18\" aria-labelledby=\"pourquoi-le-don-de-sang-nest-il-pas-rmunr-\"><p>Le don de sang est b\u00e9n\u00e9vole afin de garantir la s\u00e9curit\u00e9 du donneur et celle du receveur. Pour des raisons p\u00e9cuniaires, le donneur pourrait \u00eatre amen\u00e9 \u00e0 fournir de fausses informations.<\/p><\/div>\n\t\t\t\t\t<\/div><div class=\"eael-accordion-list\">\n\t\t\t\t\t<div id=\"pourquoi-le-sang-nest-il-pas-donn-gratuitement-\" class=\"elementor-tab-title eael-accordion-header\" tabindex=\"0\" data-tab=\"19\" aria-controls=\"elementor-tab-content-10219\"><span class=\"eael-advanced-accordion-icon-closed\"><i aria-hidden=\"true\" class=\"fa-accordion-icon fas fa-plus\"><\/i><\/span><span class=\"eael-advanced-accordion-icon-opened\"><i aria-hidden=\"true\" class=\"fa-accordion-icon fas fa-minus\"><\/i><\/span><span class=\"eael-accordion-tab-title\">Pourquoi le sang n\u2019est-il pas donn\u00e9 gratuitement ?<\/span><i aria-hidden=\"true\" class=\"fa-toggle fas fa-angle-right\"><\/i><\/div><div id=\"elementor-tab-content-10219\" class=\"eael-accordion-content clearfix\" data-tab=\"19\" aria-labelledby=\"pourquoi-le-sang-nest-il-pas-donn-gratuitement-\"><p>Le sang du donneur est collect\u00e9 dans une poche par des agents de sant\u00e9. Il est s\u00e9par\u00e9 en plusieurs d\u00e9riv\u00e9s et stock\u00e9 dans des r\u00e9frig\u00e9rateurs. Il est analys\u00e9 en laboratoire puis distribu\u00e9 dans les banques de sang. Avant d\u2019\u00eatre attribu\u00e9 \u00e0 un receveur, des analyses de laboratoire sont \u00e0 nouveau effectu\u00e9es. L\u2019ensemble de ce processus garantissant la fiabilit\u00e9 du produit sanguin co\u00fbte environ 60.000 FCFA. Cependant, gr\u00e2ce \u00e0 la subvention de l\u2019\u00c9tat b\u00e9ninois, une poche de sang ou de d\u00e9riv\u00e9 sanguin est c\u00e9d\u00e9e \u00e0 2.000 FCFA.<\/p><\/div>\n\t\t\t\t\t<\/div><div class=\"eael-accordion-list\">\n\t\t\t\t\t<div id=\"quelles-sont-les-conditions-pour-avoir-une-carte-de-donneur-de-sang-\" class=\"elementor-tab-title eael-accordion-header\" tabindex=\"0\" data-tab=\"20\" aria-controls=\"elementor-tab-content-10220\"><span class=\"eael-advanced-accordion-icon-closed\"><i aria-hidden=\"true\" class=\"fa-accordion-icon fas fa-plus\"><\/i><\/span><span class=\"eael-advanced-accordion-icon-opened\"><i aria-hidden=\"true\" class=\"fa-accordion-icon fas fa-minus\"><\/i><\/span><span class=\"eael-accordion-tab-title\">Quelles sont les conditions pour avoir une carte de donneur de sang ?<\/span><i aria-hidden=\"true\" class=\"fa-toggle fas fa-angle-right\"><\/i><\/div><div id=\"elementor-tab-content-10220\" class=\"eael-accordion-content clearfix\" data-tab=\"20\" aria-labelledby=\"quelles-sont-les-conditions-pour-avoir-une-carte-de-donneur-de-sang-\"><p>Pour avoir une carte de donneur, il faut\u00a0:<\/p><ul><li>Avoir fait au moins deux dons de sang<\/li><li>Se munir de deux photos d\u2019identit\u00e9 r\u00e9centes<\/li><\/ul><p>L\u2019ensemble des documents est \u00e0 d\u00e9poser \u00e0 l\u2019\u00e9quipe de l\u2019Agence Nationale pour la Transfusion Sanguine \u00e0 l\u2019occasion d\u2019un nouveau don.<\/p><\/div>\n\t\t\t\t\t<\/div><div class=\"eael-accordion-list\">\n\t\t\t\t\t<div id=\"est-ce-que-je-peux-manger-avant-de-donner-mon-sang-\" class=\"elementor-tab-title eael-accordion-header\" tabindex=\"0\" data-tab=\"21\" aria-controls=\"elementor-tab-content-10221\"><span class=\"eael-advanced-accordion-icon-closed\"><i aria-hidden=\"true\" class=\"fa-accordion-icon fas fa-plus\"><\/i><\/span><span class=\"eael-advanced-accordion-icon-opened\"><i aria-hidden=\"true\" class=\"fa-accordion-icon fas fa-minus\"><\/i><\/span><span class=\"eael-accordion-tab-title\">Est-ce que je peux manger avant de donner mon sang ?<\/span><i aria-hidden=\"true\" class=\"fa-toggle fas fa-angle-right\"><\/i><\/div><div id=\"elementor-tab-content-10221\" class=\"eael-accordion-content clearfix\" data-tab=\"21\" aria-labelledby=\"est-ce-que-je-peux-manger-avant-de-donner-mon-sang-\"><p>Il est conseill\u00e9 de manger et surtout de boire de l\u2019eau avant de donner son sang.<\/p><\/div>\n\t\t\t\t\t<\/div><div class=\"eael-accordion-list\">\n\t\t\t\t\t<div id=\"le-don-de-sang-nuit-il-aux-performances-sportives-\" class=\"elementor-tab-title eael-accordion-header\" tabindex=\"0\" data-tab=\"22\" aria-controls=\"elementor-tab-content-10222\"><span class=\"eael-advanced-accordion-icon-closed\"><i aria-hidden=\"true\" class=\"fa-accordion-icon fas fa-plus\"><\/i><\/span><span class=\"eael-advanced-accordion-icon-opened\"><i aria-hidden=\"true\" class=\"fa-accordion-icon fas fa-minus\"><\/i><\/span><span class=\"eael-accordion-tab-title\">Le don de sang nuit-il aux performances sportives ?<\/span><i aria-hidden=\"true\" class=\"fa-toggle fas fa-angle-right\"><\/i><\/div><div id=\"elementor-tab-content-10222\" class=\"eael-accordion-content clearfix\" data-tab=\"22\" aria-labelledby=\"le-don-de-sang-nuit-il-aux-performances-sportives-\"><p>En g\u00e9n\u00e9ral, non mais il est conseill\u00e9 d\u2019\u00e9viter l\u2019activit\u00e9 sportive intense au cours des 24 heures qui suivent le don.<\/p><\/div>\n\t\t\t\t\t<\/div><div class=\"eael-accordion-list\">\n\t\t\t\t\t<div id=\"est-ce-que-je-peux-donner-mon-sang-si-je-prends-des-mdicaments-\" class=\"elementor-tab-title eael-accordion-header\" tabindex=\"0\" data-tab=\"23\" aria-controls=\"elementor-tab-content-10223\"><span class=\"eael-advanced-accordion-icon-closed\"><i aria-hidden=\"true\" class=\"fa-accordion-icon fas fa-plus\"><\/i><\/span><span class=\"eael-advanced-accordion-icon-opened\"><i aria-hidden=\"true\" class=\"fa-accordion-icon fas fa-minus\"><\/i><\/span><span class=\"eael-accordion-tab-title\">Est-ce que je peux donner mon sang si je prends des m\u00e9dicaments ?<\/span><i aria-hidden=\"true\" class=\"fa-toggle fas fa-angle-right\"><\/i><\/div><div id=\"elementor-tab-content-10223\" class=\"eael-accordion-content clearfix\" data-tab=\"23\" aria-labelledby=\"est-ce-que-je-peux-donner-mon-sang-si-je-prends-des-mdicaments-\"><p>Tout d\u00e9pend du m\u00e9dicament pris, l\u2019agent de sant\u00e9 indiquera au candidat au don s\u2019il peut ou non donner son sang.<\/p><\/div>\n\t\t\t\t\t<\/div><div class=\"eael-accordion-list\">\n\t\t\t\t\t<div id=\"est-ce-que-je-peux-donner-mon-sang-si-je-suis-diabtique-\" class=\"elementor-tab-title eael-accordion-header\" tabindex=\"0\" data-tab=\"24\" aria-controls=\"elementor-tab-content-10224\"><span class=\"eael-advanced-accordion-icon-closed\"><i aria-hidden=\"true\" class=\"fa-accordion-icon fas fa-plus\"><\/i><\/span><span class=\"eael-advanced-accordion-icon-opened\"><i aria-hidden=\"true\" class=\"fa-accordion-icon fas fa-minus\"><\/i><\/span><span class=\"eael-accordion-tab-title\">Est-ce que je peux donner mon sang si je suis diab\u00e9tique ?<\/span><i aria-hidden=\"true\" class=\"fa-toggle fas fa-angle-right\"><\/i><\/div><div id=\"elementor-tab-content-10224\" class=\"eael-accordion-content clearfix\" data-tab=\"24\" aria-labelledby=\"est-ce-que-je-peux-donner-mon-sang-si-je-suis-diabtique-\"><p>Oui, si la glyc\u00e9mie est contr\u00f4l\u00e9e et stable. Non, s\u2019il s\u2019agit d\u2019un diab\u00e8te insulino-d\u00e9pendant.<\/p><\/div>\n\t\t\t\t\t<\/div><div class=\"eael-accordion-list\">\n\t\t\t\t\t<div id=\"est-ce-que-je-peux-donner-mon-sang-si-jai-un-tatouage-ou-un-piercing-\" class=\"elementor-tab-title eael-accordion-header\" tabindex=\"0\" data-tab=\"25\" aria-controls=\"elementor-tab-content-10225\"><span class=\"eael-advanced-accordion-icon-closed\"><i aria-hidden=\"true\" class=\"fa-accordion-icon fas fa-plus\"><\/i><\/span><span class=\"eael-advanced-accordion-icon-opened\"><i aria-hidden=\"true\" class=\"fa-accordion-icon fas fa-minus\"><\/i><\/span><span class=\"eael-accordion-tab-title\">Est-ce que je peux donner mon sang si j\u2019ai un tatouage ou un piercing ?<\/span><i aria-hidden=\"true\" class=\"fa-toggle fas fa-angle-right\"><\/i><\/div><div id=\"elementor-tab-content-10225\" class=\"eael-accordion-content clearfix\" data-tab=\"25\" aria-labelledby=\"est-ce-que-je-peux-donner-mon-sang-si-jai-un-tatouage-ou-un-piercing-\"><p>Oui, en revanche, il faut attendre 4 mois apr\u00e8s s\u2019\u00eatre fait tatouer ou percer avant de pouvoir donner son sang<\/p><\/div>\n\t\t\t\t\t<\/div><div class=\"eael-accordion-list\">\n\t\t\t\t\t<div id=\"est-ce-que-je-peux-donner-mon-sang-si-je-suis-hypertendue-\" class=\"elementor-tab-title eael-accordion-header\" tabindex=\"0\" data-tab=\"26\" aria-controls=\"elementor-tab-content-10226\"><span class=\"eael-advanced-accordion-icon-closed\"><i aria-hidden=\"true\" class=\"fa-accordion-icon fas fa-plus\"><\/i><\/span><span class=\"eael-advanced-accordion-icon-opened\"><i aria-hidden=\"true\" class=\"fa-accordion-icon fas fa-minus\"><\/i><\/span><span class=\"eael-accordion-tab-title\">Est-ce que je peux donner mon sang si je suis hypertendu(e) ?<\/span><i aria-hidden=\"true\" class=\"fa-toggle fas fa-angle-right\"><\/i><\/div><div id=\"elementor-tab-content-10226\" class=\"eael-accordion-content clearfix\" data-tab=\"26\" aria-labelledby=\"est-ce-que-je-peux-donner-mon-sang-si-je-suis-hypertendue-\"><p>Oui, si le jour du don de sang la tension est normale.<\/p><\/div>\n\t\t\t\t\t<\/div><div class=\"eael-accordion-list\">\n\t\t\t\t\t<div id=\"est-ce-que-je-peux-donner-mon-sang-si-je-consomme-du-tabac-\" class=\"elementor-tab-title eael-accordion-header\" tabindex=\"0\" data-tab=\"27\" aria-controls=\"elementor-tab-content-10227\"><span class=\"eael-advanced-accordion-icon-closed\"><i aria-hidden=\"true\" class=\"fa-accordion-icon fas fa-plus\"><\/i><\/span><span class=\"eael-advanced-accordion-icon-opened\"><i aria-hidden=\"true\" class=\"fa-accordion-icon fas fa-minus\"><\/i><\/span><span class=\"eael-accordion-tab-title\">Est-ce que je peux donner mon sang si je consomme du tabac ?<\/span><i aria-hidden=\"true\" class=\"fa-toggle fas fa-angle-right\"><\/i><\/div><div id=\"elementor-tab-content-10227\" class=\"eael-accordion-content clearfix\" data-tab=\"27\" aria-labelledby=\"est-ce-que-je-peux-donner-mon-sang-si-je-consomme-du-tabac-\"><p>Oui, cela est possible.<\/p><\/div>\n\t\t\t\t\t<\/div><div class=\"eael-accordion-list\">\n\t\t\t\t\t<div id=\"est-ce-que-je-peux-donner-mon-sang-si-jai-mes-rgles-\" class=\"elementor-tab-title eael-accordion-header\" tabindex=\"0\" data-tab=\"28\" aria-controls=\"elementor-tab-content-10228\"><span class=\"eael-advanced-accordion-icon-closed\"><i aria-hidden=\"true\" class=\"fa-accordion-icon fas fa-plus\"><\/i><\/span><span class=\"eael-advanced-accordion-icon-opened\"><i aria-hidden=\"true\" class=\"fa-accordion-icon fas fa-minus\"><\/i><\/span><span class=\"eael-accordion-tab-title\">Est-ce que je peux donner mon sang si j\u2019ai mes r\u00e8gles ?<\/span><i aria-hidden=\"true\" class=\"fa-toggle fas fa-angle-right\"><\/i><\/div><div id=\"elementor-tab-content-10228\" class=\"eael-accordion-content clearfix\" data-tab=\"28\" aria-labelledby=\"est-ce-que-je-peux-donner-mon-sang-si-jai-mes-rgles-\"><p>Oui, cela est possible.<\/p><\/div>\n\t\t\t\t\t<\/div><div class=\"eael-accordion-list\">\n\t\t\t\t\t<div id=\"est-ce-que-je-peux-donner-mon-sang-si-je-suis-enceinte-ou-si-jallaite-\" class=\"elementor-tab-title eael-accordion-header\" tabindex=\"0\" data-tab=\"29\" aria-controls=\"elementor-tab-content-10229\"><span class=\"eael-advanced-accordion-icon-closed\"><i aria-hidden=\"true\" class=\"fa-accordion-icon fas fa-plus\"><\/i><\/span><span class=\"eael-advanced-accordion-icon-opened\"><i aria-hidden=\"true\" class=\"fa-accordion-icon fas fa-minus\"><\/i><\/span><span class=\"eael-accordion-tab-title\">Est-ce que je peux donner mon sang si je suis enceinte ou si j\u2019allaite ?<\/span><i aria-hidden=\"true\" class=\"fa-toggle fas fa-angle-right\"><\/i><\/div><div id=\"elementor-tab-content-10229\" class=\"eael-accordion-content clearfix\" data-tab=\"29\" aria-labelledby=\"est-ce-que-je-peux-donner-mon-sang-si-je-suis-enceinte-ou-si-jallaite-\"><p>Non, cela n\u2019est pas possible pour des raisons de s\u00e9curit\u00e9.<\/p><\/div>\n\t\t\t\t\t<\/div><div class=\"eael-accordion-list\">\n\t\t\t\t\t<div id=\"est-ce-que-je-peux-donner-mon-sang-si-je-me-drogue-\" class=\"elementor-tab-title eael-accordion-header\" tabindex=\"0\" data-tab=\"30\" aria-controls=\"elementor-tab-content-10230\"><span class=\"eael-advanced-accordion-icon-closed\"><i aria-hidden=\"true\" class=\"fa-accordion-icon fas fa-plus\"><\/i><\/span><span class=\"eael-advanced-accordion-icon-opened\"><i aria-hidden=\"true\" class=\"fa-accordion-icon fas fa-minus\"><\/i><\/span><span class=\"eael-accordion-tab-title\">Est-ce que je peux donner mon sang si je me drogue ?<\/span><i aria-hidden=\"true\" class=\"fa-toggle fas fa-angle-right\"><\/i><\/div><div id=\"elementor-tab-content-10230\" class=\"eael-accordion-content clearfix\" data-tab=\"30\" aria-labelledby=\"est-ce-que-je-peux-donner-mon-sang-si-je-me-drogue-\"><p>Non, cela n\u2019est pas possible pour des raisons de s\u00e9curit\u00e9.<\/p><\/div>\n\t\t\t\t\t<\/div><\/div>\t\t\t\t<\/div>\n\t\t\t\t<\/div>\n\t\t\t\t\t<\/div>\n\t\t<\/div>\n\t\t\t\t\t<\/div>\n\t\t<\/section>\n\t\t\t\t<section class=\"elementor-section elementor-top-section elementor-element elementor-element-f833168 elementor-section-boxed elementor-section-height-default elementor-section-height-default\" data-id=\"f833168\" data-element_type=\"section\" data-e-type=\"section\">\n\t\t\t\t\t\t<div class=\"elementor-container elementor-column-gap-default\">\n\t\t\t\t\t<div class=\"elementor-column elementor-col-100 elementor-top-column elementor-element elementor-element-865b7a7\" data-id=\"865b7a7\" data-element_type=\"column\" data-e-type=\"column\">\n\t\t\t<div class=\"elementor-widget-wrap elementor-element-populated\">\n\t\t\t\t\t\t<div class=\"elementor-element elementor-element-ac93050 elementor-widget elementor-widget-spacer\" data-id=\"ac93050\" data-element_type=\"widget\" data-e-type=\"widget\" data-widget_type=\"spacer.default\">\n\t\t\t\t<div class=\"elementor-widget-container\">\n\t\t\t\t\t\t\t<div class=\"elementor-spacer\">\n\t\t\t<div class=\"elementor-spacer-inner\"><\/div>\n\t\t<\/div>\n\t\t\t\t\t\t<\/div>\n\t\t\t\t<\/div>\n\t\t\t\t\t<\/div>\n\t\t<\/div>\n\t\t\t\t\t<\/div>\n\t\t<\/section>\n\t\t\t\t<section class=\"elementor-section elementor-top-section elementor-element elementor-element-f47051f elementor-section-boxed elementor-section-height-default elementor-section-height-default\" data-id=\"f47051f\" data-element_type=\"section\" data-e-type=\"section\">\n\t\t\t\t\t\t<div class=\"elementor-container elementor-column-gap-default\">\n\t\t\t\t\t<div class=\"elementor-column elementor-col-100 elementor-top-column elementor-element elementor-element-9010ac7\" data-id=\"9010ac7\" data-element_type=\"column\" data-e-type=\"column\">\n\t\t\t<div class=\"elementor-widget-wrap elementor-element-populated\">\n\t\t\t\t\t\t<div class=\"elementor-element elementor-element-ec81931 elementor-widget elementor-widget-heading\" data-id=\"ec81931\" data-element_type=\"widget\" data-e-type=\"widget\" data-widget_type=\"heading.default\">\n\t\t\t\t<div class=\"elementor-widget-container\">\n\t\t\t\t\t<h2 class=\"elementor-heading-title elementor-size-default\">FAQ | Projet Lutte contre le cancer du col de l\u2019ut\u00e9rus<\/h2>\t\t\t\t<\/div>\n\t\t\t\t<\/div>\n\t\t\t\t<div class=\"elementor-element elementor-element-dd83d14 elementor-widget elementor-widget-eael-adv-accordion\" data-id=\"dd83d14\" data-element_type=\"widget\" data-e-type=\"widget\" data-widget_type=\"eael-adv-accordion.default\">\n\t\t\t\t<div class=\"elementor-widget-container\">\n\t\t\t\t\t            <div class=\"eael-adv-accordion\" id=\"eael-adv-accordion-dd83d14\" data-scroll-on-click=\"no\" data-scroll-speed=\"300\" data-accordion-id=\"dd83d14\" data-accordion-type=\"accordion\" data-toogle-speed=\"300\">\n            <div class=\"eael-accordion-list\">\n\t\t\t\t\t<div id=\"quest-ce-que-le-cancer-du-col-de-lutrus-\" class=\"elementor-tab-title eael-accordion-header\" tabindex=\"0\" data-tab=\"1\" aria-controls=\"elementor-tab-content-2321\"><span class=\"eael-advanced-accordion-icon-closed\"><i aria-hidden=\"true\" class=\"fa-accordion-icon fas fa-plus\"><\/i><\/span><span class=\"eael-advanced-accordion-icon-opened\"><i aria-hidden=\"true\" class=\"fa-accordion-icon fas fa-minus\"><\/i><\/span><span class=\"eael-accordion-tab-title\">Qu\u2019est-ce que le cancer du col de l\u2019ut\u00e9rus ? <\/span><i aria-hidden=\"true\" class=\"fa-toggle fas fa-angle-right\"><\/i><\/div><div id=\"elementor-tab-content-2321\" class=\"eael-accordion-content clearfix\" data-tab=\"1\" aria-labelledby=\"quest-ce-que-le-cancer-du-col-de-lutrus-\"><p>Le corps est compos\u00e9 de cellules et chaque cellule a un travail \u00e0 faire pour que le corps se porte bien, ce sont alors de \u00ab\u2005bonnes\u2005\u00bb cellules. Parfois, des changements sont not\u00e9s au niveau d\u2019une \u00ab\u2005bonne\u2005\u00bb cellule qui devient une \u00ab\u2005mauvaise\u2005\u00bb cellule (l\u00e9sions pr\u00e9canc\u00e9reuses). Les \u00ab\u2005mauvaises\u2005\u00bb cellules peuvent former une boule qu\u2019on appelle tumeur ou encore cancer. Le cancer peut toucher diff\u00e9rentes parties du corps.<\/p><p>Dans le cadre du cancer du col de l\u2019ut\u00e9rus, c\u2019est la partie basse de l\u2019organe pr\u00e9vu pour h\u00e9berger l\u2019embryon\/f\u0153tus qui est touch\u00e9e (le col de l\u2019ut\u00e9rus). Le cancer du col de l\u2019ut\u00e9rus est une maladie qui peut tuer, mais on peut en \u00eatre totalement gu\u00e9ri si elle est d\u00e9tect\u00e9e tr\u00e8s t\u00f4t (stade des l\u00e9sions pr\u00e9canc\u00e9reuses).<\/p><\/div>\n\t\t\t\t\t<\/div><div class=\"eael-accordion-list\">\n\t\t\t\t\t<div id=\"peut-on-mourir-du-cancer-du-col-de-lutrus-\" class=\"elementor-tab-title eael-accordion-header\" tabindex=\"0\" data-tab=\"2\" aria-controls=\"elementor-tab-content-2322\"><span class=\"eael-advanced-accordion-icon-closed\"><i aria-hidden=\"true\" class=\"fa-accordion-icon fas fa-plus\"><\/i><\/span><span class=\"eael-advanced-accordion-icon-opened\"><i aria-hidden=\"true\" class=\"fa-accordion-icon fas fa-minus\"><\/i><\/span><span class=\"eael-accordion-tab-title\">Peut-on mourir du cancer du col de l\u2019ut\u00e9rus ?<\/span><i aria-hidden=\"true\" class=\"fa-toggle fas fa-angle-right\"><\/i><\/div><div id=\"elementor-tab-content-2322\" class=\"eael-accordion-content clearfix\" data-tab=\"2\" aria-labelledby=\"peut-on-mourir-du-cancer-du-col-de-lutrus-\"><p>Oui, le cancer du col de l\u2019ut\u00e9rus est mortel. Cette maladie tue plus de 300\u00a0000 femmes par an dans le monde. N\u00e9anmoins, on peut totalement en gu\u00e9rir si elle est d\u00e9tect\u00e9e tr\u00e8s t\u00f4t (stade des l\u00e9sions pr\u00e9canc\u00e9reuses).<\/p><p>Cela justifie l\u2019int\u00e9r\u00eat du d\u00e9pistage pr\u00e9coce propos\u00e9 par le programme de Lutte contre le cancer du col de l\u2019ut\u00e9rus de la Fondation Claudine Talon qui dispose d\u2019une ligne t\u00e9l\u00e9phonique gratuite pour orienter les femmes qui souhaitent se faire d\u00e9pister : (+229) 69 59 88 88.<\/p><\/div>\n\t\t\t\t\t<\/div><div class=\"eael-accordion-list\">\n\t\t\t\t\t<div id=\"le-cancer-du-col-de-lutrus-est-il-frquent-en-afrique-\" class=\"elementor-tab-title eael-accordion-header\" tabindex=\"0\" data-tab=\"3\" aria-controls=\"elementor-tab-content-2323\"><span class=\"eael-advanced-accordion-icon-closed\"><i aria-hidden=\"true\" class=\"fa-accordion-icon fas fa-plus\"><\/i><\/span><span class=\"eael-advanced-accordion-icon-opened\"><i aria-hidden=\"true\" class=\"fa-accordion-icon fas fa-minus\"><\/i><\/span><span class=\"eael-accordion-tab-title\">Le cancer du col de l\u2019ut\u00e9rus est-il fr\u00e9quent en Afrique ?<\/span><i aria-hidden=\"true\" class=\"fa-toggle fas fa-angle-right\"><\/i><\/div><div id=\"elementor-tab-content-2323\" class=\"eael-accordion-content clearfix\" data-tab=\"3\" aria-labelledby=\"le-cancer-du-col-de-lutrus-est-il-frquent-en-afrique-\"><p>C&rsquo;est en Afrique que l&rsquo;on retrouve 19 des 20 pays les plus touch\u00e9s par la maladie dans le monde. Il s\u2019agit d\u2019ailleurs du second cancer le plus fr\u00e9quent chez les femmes, d\u2019o\u00f9 l\u2019importance de se faire d\u00e9pister r\u00e9guli\u00e8rement. <br \/>Au B\u00e9nin, la Fondation Claudine Talon dispose d\u2019une ligne t\u00e9l\u00e9phonique gratuite pour orienter les femmes qui souhaitent se faire d\u00e9pister : (+229) 69 59 88 88.<\/p><\/div>\n\t\t\t\t\t<\/div><div class=\"eael-accordion-list\">\n\t\t\t\t\t<div id=\"quelle-est-la-cause-principale-du-cancer-du-col-de-lutrus-\" class=\"elementor-tab-title eael-accordion-header\" tabindex=\"0\" data-tab=\"4\" aria-controls=\"elementor-tab-content-2324\"><span class=\"eael-advanced-accordion-icon-closed\"><i aria-hidden=\"true\" class=\"fa-accordion-icon fas fa-plus\"><\/i><\/span><span class=\"eael-advanced-accordion-icon-opened\"><i aria-hidden=\"true\" class=\"fa-accordion-icon fas fa-minus\"><\/i><\/span><span class=\"eael-accordion-tab-title\">Quelle est la cause principale du cancer du col de l\u2019ut\u00e9rus ? <\/span><i aria-hidden=\"true\" class=\"fa-toggle fas fa-angle-right\"><\/i><\/div><div id=\"elementor-tab-content-2324\" class=\"eael-accordion-content clearfix\" data-tab=\"4\" aria-labelledby=\"quelle-est-la-cause-principale-du-cancer-du-col-de-lutrus-\"><p>Le cancer du col de l\u2019ut\u00e9rus est caus\u00e9 par le virus du papillome humain. Tr\u00e8s fr\u00e9quent, ce virus se transmet le plus souvent lors de rapports sexuels. S\u2019il n\u2019est pas \u00e9limin\u00e9 naturellement par le corps, ce virus peut engendrer des changements au niveau de \u00ab\u2005bonnes\u2005\u00bb cellules qui deviennent de \u00ab\u2005mauvaises\u2005\u00bb cellules (l\u00e9sions pr\u00e9canc\u00e9reuses). Lorsqu\u2019elles ne sont pas trait\u00e9es, ces l\u00e9sions peuvent \u00e9voluer vers un cancer.<\/p><\/div>\n\t\t\t\t\t<\/div><div class=\"eael-accordion-list\">\n\t\t\t\t\t<div id=\"quels-sont-les-signessymptmes-dun-cancer-du-col-de-lutrus-\" class=\"elementor-tab-title eael-accordion-header\" tabindex=\"0\" data-tab=\"5\" aria-controls=\"elementor-tab-content-2325\"><span class=\"eael-advanced-accordion-icon-closed\"><i aria-hidden=\"true\" class=\"fa-accordion-icon fas fa-plus\"><\/i><\/span><span class=\"eael-advanced-accordion-icon-opened\"><i aria-hidden=\"true\" class=\"fa-accordion-icon fas fa-minus\"><\/i><\/span><span class=\"eael-accordion-tab-title\">Quels sont les signes\/sympt\u00f4mes d\u2019un cancer du col de l\u2019ut\u00e9rus ? <\/span><i aria-hidden=\"true\" class=\"fa-toggle fas fa-angle-right\"><\/i><\/div><div id=\"elementor-tab-content-2325\" class=\"eael-accordion-content clearfix\" data-tab=\"5\" aria-labelledby=\"quels-sont-les-signessymptmes-dun-cancer-du-col-de-lutrus-\"><p>Durant les premi\u00e8res ann\u00e9es, aucun signe ne montre qu\u2019une femme d\u00e9veloppe le cancer du col de l\u2019ut\u00e9rus. C\u2019est au cours de cette p\u00e9riode qu\u2019il est possible de traiter les l\u00e9sions pr\u00e9canc\u00e9reuses, c\u2019est pourquoi il est important de se faire d\u00e9pister.<\/p><p>Les signes du cancer du col de l\u2019ut\u00e9rus dans sa forme avanc\u00e9e peuvent \u00eatre de l\u00e9gers saignements spontan\u00e9s ou au contact du col (toucher vaginal, rapport sexuel), des douleurs du bas ventre et des douleurs \u00e0 l\u2019\u00e9mission des urines ou des selles. Si l\u2019un ou plusieurs de ces signes est\/sont pr\u00e9sent(s), il est recommand\u00e9 de consulter un rapidement un personnel de sant\u00e9 qualifi\u00e9.<\/p><\/div>\n\t\t\t\t\t<\/div><div class=\"eael-accordion-list\">\n\t\t\t\t\t<div id=\"pourquoi-se-faire-dpister-du-cancer-du-col-de-lutrus-\" class=\"elementor-tab-title eael-accordion-header\" tabindex=\"0\" data-tab=\"6\" aria-controls=\"elementor-tab-content-2326\"><span class=\"eael-advanced-accordion-icon-closed\"><i aria-hidden=\"true\" class=\"fa-accordion-icon fas fa-plus\"><\/i><\/span><span class=\"eael-advanced-accordion-icon-opened\"><i aria-hidden=\"true\" class=\"fa-accordion-icon fas fa-minus\"><\/i><\/span><span class=\"eael-accordion-tab-title\">Pourquoi se faire d\u00e9pister du cancer du col de l\u2019ut\u00e9rus ? <\/span><i aria-hidden=\"true\" class=\"fa-toggle fas fa-angle-right\"><\/i><\/div><div id=\"elementor-tab-content-2326\" class=\"eael-accordion-content clearfix\" data-tab=\"6\" aria-labelledby=\"pourquoi-se-faire-dpister-du-cancer-du-col-de-lutrus-\"><p>Le d\u00e9pistage r\u00e9gulier permet de rep\u00e9rer le plus t\u00f4t possible d\u2019\u00e9ventuelles \u00ab\u2005mauvaises cellules\u2005\u00bb (l\u00e9sions pr\u00e9canc\u00e9reuses) qui, trait\u00e9es, permettent de pr\u00e9venir l\u2019apparition d\u2019un cancer.<\/p><p>En \u00e9tant d\u00e9pist\u00e9e au d\u00e9but de la maladie, vous aurez la possibilit\u00e9 d\u2019\u00eatre prise en charge gratuitement par le programme de lutte contre le cancer du col de l\u2019ut\u00e9rus de la Fondation Claudine Talon.<\/p><\/div>\n\t\t\t\t\t<\/div><div class=\"eael-accordion-list\">\n\t\t\t\t\t<div id=\"o-peut-on-se-faire-dpister-du-cancer-du-col-de-lutrus-et-quel-ge-\" class=\"elementor-tab-title eael-accordion-header\" tabindex=\"0\" data-tab=\"7\" aria-controls=\"elementor-tab-content-2327\"><span class=\"eael-advanced-accordion-icon-closed\"><i aria-hidden=\"true\" class=\"fa-accordion-icon fas fa-plus\"><\/i><\/span><span class=\"eael-advanced-accordion-icon-opened\"><i aria-hidden=\"true\" class=\"fa-accordion-icon fas fa-minus\"><\/i><\/span><span class=\"eael-accordion-tab-title\">O\u00f9 peut-on se faire d\u00e9pister du cancer du col de l\u2019ut\u00e9rus, et \u00e0 quel \u00e2ge ? <\/span><i aria-hidden=\"true\" class=\"fa-toggle fas fa-angle-right\"><\/i><\/div><div id=\"elementor-tab-content-2327\" class=\"eael-accordion-content clearfix\" data-tab=\"7\" aria-labelledby=\"o-peut-on-se-faire-dpister-du-cancer-du-col-de-lutrus-et-quel-ge-\"><p>La Fondation Claudine Talon invite toutes les femmes \u00e2g\u00e9es de 25 \u00e0 49 ans \u00e0 se faire d\u00e9pister et traiter\u00a0gratuitement\u00a0du lundi au vendredi de 9h \u00e0 14h, \u00e0 Cotonou\u00a0:<\/p><ul><li>au Centre Hospitalier Universitaire de la M\u00e8re et de l\u2019Enfant (CHU-MEL)<\/li><li>\u00e0 la Maternit\u00e9 de Gb\u00e9gamey<\/li><li>\u00e0 la Maternit\u00e9 d\u2019Ahouansori<\/li><li>\u00e0 la Maternit\u00e9 de\u00a0Missessin<\/li><li>\u00e0 la Maternit\u00e9 de Suru L\u00e9r\u00e9<\/li><li>au Centre de Sant\u00e9 de Zogbo\u00a0<\/li><\/ul><p>Et \u00e0 Parakou :<\/p><ul><li>au Centre Hospitalier Universitaire du Borgou et de l\u2019Alibori (CHUD-BA)<\/li><li>au\u00a0Centre de sant\u00e9 communal de Parakou<\/li><li>au Centre de sant\u00e9 de Zongo<\/li><li>au Centre de sant\u00e9 de\u00a0Kp\u00e9bi\u00e9<\/li><\/ul><div>La Fondation Claudine Talon a mis \u00e0 la disposition de la population un\u00a0num\u00e9ro de t\u00e9l\u00e9phone <strong>+229 69 59 88 88<\/strong>\u00a0pour r\u00e9pondre aux pr\u00e9occupations et pour orienter les b\u00e9n\u00e9ficiaires.<\/div><\/div>\n\t\t\t\t\t<\/div><div class=\"eael-accordion-list\">\n\t\t\t\t\t<div id=\"comment-se-fait-le-dpistage-du-cancer-du-col-de-lutrus-\" class=\"elementor-tab-title eael-accordion-header\" tabindex=\"0\" data-tab=\"8\" aria-controls=\"elementor-tab-content-2328\"><span class=\"eael-advanced-accordion-icon-closed\"><i aria-hidden=\"true\" class=\"fa-accordion-icon fas fa-plus\"><\/i><\/span><span class=\"eael-advanced-accordion-icon-opened\"><i aria-hidden=\"true\" class=\"fa-accordion-icon fas fa-minus\"><\/i><\/span><span class=\"eael-accordion-tab-title\">Comment se fait le d\u00e9pistage du cancer du col de l\u2019ut\u00e9rus ? <\/span><i aria-hidden=\"true\" class=\"fa-toggle fas fa-angle-right\"><\/i><\/div><div id=\"elementor-tab-content-2328\" class=\"eael-accordion-content clearfix\" data-tab=\"8\" aria-labelledby=\"comment-se-fait-le-dpistage-du-cancer-du-col-de-lutrus-\"><p>Dans le cadre du programme de Lutte contre le cancer du col de l\u2019ut\u00e9rus de la Fondation Claudine Talon, le d\u00e9pistage se fait par un test appel\u00e9 \u00ab\u2005IVA\/IVL\u2005\u00bb qui n\u2019est pas douloureux. Si le r\u00e9sultat du test est positif (pr\u00e9sence de l\u00e9sions pr\u00e9canc\u00e9reuses), la femme re\u00e7oit imm\u00e9diatement un traitement par la thermocoagulation. Cela consiste \u00e0 d\u00e9truire les \u00ab\u2005mauvaises\u2005\u00bb cellules sans douleur. Certains cas positifs n\u00e9cessitent d\u2019\u00eatre orient\u00e9s vers un gyn\u00e9cologue pour une colposcopie (examen plus d\u00e9taill\u00e9 \u00e0 la loupe). Toutes ces \u00e9tapes sont gratuites.<\/p><\/div>\n\t\t\t\t\t<\/div><div class=\"eael-accordion-list\">\n\t\t\t\t\t<div id=\"-quelle-frquence-faut-il-se-faire-dpister-du-cancer-du-col-de-lutrus-\" class=\"elementor-tab-title eael-accordion-header\" tabindex=\"0\" data-tab=\"9\" aria-controls=\"elementor-tab-content-2329\"><span class=\"eael-advanced-accordion-icon-closed\"><i aria-hidden=\"true\" class=\"fa-accordion-icon fas fa-plus\"><\/i><\/span><span class=\"eael-advanced-accordion-icon-opened\"><i aria-hidden=\"true\" class=\"fa-accordion-icon fas fa-minus\"><\/i><\/span><span class=\"eael-accordion-tab-title\">\u00c0 quelle fr\u00e9quence faut-il se faire d\u00e9pister du cancer du col de l\u2019ut\u00e9rus ?<\/span><i aria-hidden=\"true\" class=\"fa-toggle fas fa-angle-right\"><\/i><\/div><div id=\"elementor-tab-content-2329\" class=\"eael-accordion-content clearfix\" data-tab=\"9\" aria-labelledby=\"-quelle-frquence-faut-il-se-faire-dpister-du-cancer-du-col-de-lutrus-\"><p>Quand vous d\u00e9marrez les d\u00e9pistages, si votre premier test est n\u00e9gatif, faites-vous tester \u00e0 nouveau 1 an apr\u00e8s. Si ce second test revient \u00e9galement n\u00e9gatif, faites-vous d\u00e9pister tous les 3 ans jusqu\u2019\u00e0 l\u2019\u00e2ge minimum de 64 ans. Il est important de respecter cette fr\u00e9quence afin de ne pas permettre \u00e0 d\u2019\u00e9ventuelles l\u00e9sions pr\u00e9canc\u00e9reuses de se d\u00e9velopper en cancer.<\/p><\/div>\n\t\t\t\t\t<\/div><div class=\"eael-accordion-list\">\n\t\t\t\t\t<div id=\"je-ressens-des-douleurs-dans-le-bas-ventre-puis-je-me-faire-dpister-\" class=\"elementor-tab-title eael-accordion-header\" tabindex=\"0\" data-tab=\"10\" aria-controls=\"elementor-tab-content-23210\"><span class=\"eael-advanced-accordion-icon-closed\"><i aria-hidden=\"true\" class=\"fa-accordion-icon fas fa-plus\"><\/i><\/span><span class=\"eael-advanced-accordion-icon-opened\"><i aria-hidden=\"true\" class=\"fa-accordion-icon fas fa-minus\"><\/i><\/span><span class=\"eael-accordion-tab-title\">Je ressens des douleurs dans le bas ventre, puis-je me faire d\u00e9pister ?<\/span><i aria-hidden=\"true\" class=\"fa-toggle fas fa-angle-right\"><\/i><\/div><div id=\"elementor-tab-content-23210\" class=\"eael-accordion-content clearfix\" data-tab=\"10\" aria-labelledby=\"je-ressens-des-douleurs-dans-le-bas-ventre-puis-je-me-faire-dpister-\"><p>Oui, toutes les femmes devraient se faire d\u00e9pister r\u00e9guli\u00e8rement.<\/p><p>Il faut noter que des douleurs dans le bas ventre peuvent \u00eatre le signe de diverses affections, elles ne sont donc pas forc\u00e9ment un signe du cancer du col de l\u2019ut\u00e9rus.<\/p><\/div>\n\t\t\t\t\t<\/div><div class=\"eael-accordion-list\">\n\t\t\t\t\t<div id=\"combien-cotent-le-dpistage-du-cancer-du-col-de-lutrus-et-le-traitement-des-lsions-prcancreuses-du-col-de-lutrus-\" class=\"elementor-tab-title eael-accordion-header\" tabindex=\"0\" data-tab=\"11\" aria-controls=\"elementor-tab-content-23211\"><span class=\"eael-advanced-accordion-icon-closed\"><i aria-hidden=\"true\" class=\"fa-accordion-icon fas fa-plus\"><\/i><\/span><span class=\"eael-advanced-accordion-icon-opened\"><i aria-hidden=\"true\" class=\"fa-accordion-icon fas fa-minus\"><\/i><\/span><span class=\"eael-accordion-tab-title\">Combien co\u00fbtent le d\u00e9pistage du cancer du col de l\u2019ut\u00e9rus et le traitement des l\u00e9sions pr\u00e9canc\u00e9reuses du col de l\u2019ut\u00e9rus ?<\/span><i aria-hidden=\"true\" class=\"fa-toggle fas fa-angle-right\"><\/i><\/div><div id=\"elementor-tab-content-23211\" class=\"eael-accordion-content clearfix\" data-tab=\"11\" aria-labelledby=\"combien-cotent-le-dpistage-du-cancer-du-col-de-lutrus-et-le-traitement-des-lsions-prcancreuses-du-col-de-lutrus-\"><p>Les frais de d\u00e9pistage et de traitement des l\u00e9sions pr\u00e9canc\u00e9reuses du col de l\u2019ut\u00e9rus sont enti\u00e8rement gratuits. Il convient de pr\u00e9ciser que seules les l\u00e9sions pr\u00e9canc\u00e9reuses du col de l\u2019ut\u00e9rus, et non les cas de cancer, sont prises en charge par le programme de la Fondation Claudine Talon.<\/p><\/div>\n\t\t\t\t\t<\/div><div class=\"eael-accordion-list\">\n\t\t\t\t\t<div id=\"quelle-est-la-diffrence-entre-des-lsions-prcancreuses-et-un-cancer-du-col-de-lutrus-\" class=\"elementor-tab-title eael-accordion-header\" tabindex=\"0\" data-tab=\"12\" aria-controls=\"elementor-tab-content-23212\"><span class=\"eael-advanced-accordion-icon-closed\"><i aria-hidden=\"true\" class=\"fa-accordion-icon fas fa-plus\"><\/i><\/span><span class=\"eael-advanced-accordion-icon-opened\"><i aria-hidden=\"true\" class=\"fa-accordion-icon fas fa-minus\"><\/i><\/span><span class=\"eael-accordion-tab-title\">Quelle est la diff\u00e9rence entre des l\u00e9sions pr\u00e9canc\u00e9reuses et un cancer du col de l\u2019ut\u00e9rus ?<\/span><i aria-hidden=\"true\" class=\"fa-toggle fas fa-angle-right\"><\/i><\/div><div id=\"elementor-tab-content-23212\" class=\"eael-accordion-content clearfix\" data-tab=\"12\" aria-labelledby=\"quelle-est-la-diffrence-entre-des-lsions-prcancreuses-et-un-cancer-du-col-de-lutrus-\"><p>Une l\u00e9sion pr\u00e9canc\u00e9reuse n\u2019est pas encore un cancer. On parle de l\u00e9sions pr\u00e9canc\u00e9reuses lorsque la maladie est \u00e0 un stade pr\u00e9coce et peut donc \u00eatre trait\u00e9e facilement. En revanche le cancer du col de l\u2019ut\u00e9rus signifie que la maladie est avanc\u00e9e et n\u00e9cessite un traitement plus invasif. Les chances de gu\u00e9rison sont alors amoindries.\u00a0<\/p><p>La Fondation Claudine Talon prend uniquement en charge le traitement des l\u00e9sions pr\u00e9canc\u00e9reuses.<\/p><\/div>\n\t\t\t\t\t<\/div><div class=\"eael-accordion-list\">\n\t\t\t\t\t<div id=\"que-prend-en-charge-la-fondation-claudine-talon-\" class=\"elementor-tab-title eael-accordion-header\" tabindex=\"0\" data-tab=\"13\" aria-controls=\"elementor-tab-content-23213\"><span class=\"eael-advanced-accordion-icon-closed\"><i aria-hidden=\"true\" class=\"fa-accordion-icon fas fa-plus\"><\/i><\/span><span class=\"eael-advanced-accordion-icon-opened\"><i aria-hidden=\"true\" class=\"fa-accordion-icon fas fa-minus\"><\/i><\/span><span class=\"eael-accordion-tab-title\">Que prend en charge la Fondation Claudine Talon ?<\/span><i aria-hidden=\"true\" class=\"fa-toggle fas fa-angle-right\"><\/i><\/div><div id=\"elementor-tab-content-23213\" class=\"eael-accordion-content clearfix\" data-tab=\"13\" aria-labelledby=\"que-prend-en-charge-la-fondation-claudine-talon-\"><p>Seules les l\u00e9sions pr\u00e9canc\u00e9reuses du col de l\u2019ut\u00e9rus sont prises en charge par le programme de la Fondation Claudine Talon. Les cas de cancer ne sont pas pris en charge par ce projet.<\/p><\/div>\n\t\t\t\t\t<\/div><div class=\"eael-accordion-list\">\n\t\t\t\t\t<div id=\"jai-dautres-questions-au-sujet-du-projet-de-lutte-contre-le-cancer-du-col-de-lutrus-comment-puis-je-vous-contacter-\" class=\"elementor-tab-title eael-accordion-header\" tabindex=\"0\" data-tab=\"14\" aria-controls=\"elementor-tab-content-23214\"><span class=\"eael-advanced-accordion-icon-closed\"><i aria-hidden=\"true\" class=\"fa-accordion-icon fas fa-plus\"><\/i><\/span><span class=\"eael-advanced-accordion-icon-opened\"><i aria-hidden=\"true\" class=\"fa-accordion-icon fas fa-minus\"><\/i><\/span><span class=\"eael-accordion-tab-title\">J\u2019ai d\u2019autres questions au sujet du projet de Lutte contre le cancer du col de l\u2019ut\u00e9rus, comment puis-je vous contacter ? <\/span><i aria-hidden=\"true\" class=\"fa-toggle fas fa-angle-right\"><\/i><\/div><div id=\"elementor-tab-content-23214\" class=\"eael-accordion-content clearfix\" data-tab=\"14\" aria-labelledby=\"jai-dautres-questions-au-sujet-du-projet-de-lutte-contre-le-cancer-du-col-de-lutrus-comment-puis-je-vous-contacter-\"><p>La Fondation Claudine Talon dispose d\u2019une ligne t\u00e9l\u00e9phonique permettant d&rsquo;orienter la population : (+229) 69 59 88 88. Tous les appels sont gratuits.<\/p><\/div>\n\t\t\t\t\t<\/div><\/div>\t\t\t\t<\/div>\n\t\t\t\t<\/div>\n\t\t\t\t\t<\/div>\n\t\t<\/div>\n\t\t\t\t\t<\/div>\n\t\t<\/section>\n\t\t\t\t<section class=\"elementor-section elementor-top-section elementor-element elementor-element-8c7d51f elementor-section-boxed elementor-section-height-default elementor-section-height-default\" data-id=\"8c7d51f\" data-element_type=\"section\" data-e-type=\"section\">\n\t\t\t\t\t\t<div class=\"elementor-container elementor-column-gap-default\">\n\t\t\t\t\t<div class=\"elementor-column elementor-col-100 elementor-top-column elementor-element elementor-element-1fda436\" data-id=\"1fda436\" data-element_type=\"column\" data-e-type=\"column\">\n\t\t\t<div class=\"elementor-widget-wrap elementor-element-populated\">\n\t\t\t\t\t\t<div class=\"elementor-element elementor-element-5e2c5d9 elementor-widget elementor-widget-spacer\" data-id=\"5e2c5d9\" data-element_type=\"widget\" data-e-type=\"widget\" data-widget_type=\"spacer.default\">\n\t\t\t\t<div class=\"elementor-widget-container\">\n\t\t\t\t\t\t\t<div class=\"elementor-spacer\">\n\t\t\t<div class=\"elementor-spacer-inner\"><\/div>\n\t\t<\/div>\n\t\t\t\t\t\t<\/div>\n\t\t\t\t<\/div>\n\t\t\t\t\t<\/div>\n\t\t<\/div>\n\t\t\t\t\t<\/div>\n\t\t<\/section>\n\t\t\t\t<section class=\"elementor-section elementor-top-section elementor-element elementor-element-5d9cdda elementor-section-boxed elementor-section-height-default elementor-section-height-default\" data-id=\"5d9cdda\" data-element_type=\"section\" data-e-type=\"section\">\n\t\t\t\t\t\t<div class=\"elementor-container elementor-column-gap-default\">\n\t\t\t\t\t<div class=\"elementor-column elementor-col-100 elementor-top-column elementor-element elementor-element-3f50566\" data-id=\"3f50566\" data-element_type=\"column\" data-e-type=\"column\">\n\t\t\t<div class=\"elementor-widget-wrap elementor-element-populated\">\n\t\t\t\t\t\t<div class=\"elementor-element elementor-element-72ed6a2 elementor-widget elementor-widget-heading\" data-id=\"72ed6a2\" data-element_type=\"widget\" data-e-type=\"widget\" data-widget_type=\"heading.default\">\n\t\t\t\t<div class=\"elementor-widget-container\">\n\t\t\t\t\t<h2 class=\"elementor-heading-title elementor-size-default\">FAQ | Projet Gestion de l\u2019hygi\u00e8ne menstruelle en milieu scolaire<\/h2>\t\t\t\t<\/div>\n\t\t\t\t<\/div>\n\t\t\t\t<div class=\"elementor-element elementor-element-0113809 elementor-widget elementor-widget-eael-adv-accordion\" data-id=\"0113809\" data-element_type=\"widget\" data-e-type=\"widget\" data-widget_type=\"eael-adv-accordion.default\">\n\t\t\t\t<div class=\"elementor-widget-container\">\n\t\t\t\t\t            <div class=\"eael-adv-accordion\" id=\"eael-adv-accordion-0113809\" data-scroll-on-click=\"no\" data-scroll-speed=\"300\" data-accordion-id=\"0113809\" data-accordion-type=\"accordion\" data-toogle-speed=\"300\">\n            <div class=\"eael-accordion-list\">\n\t\t\t\t\t<div id=\"comment-viter-dtre-tache-lcole-lorsque-jai-mes-rgles-\" class=\"elementor-tab-title eael-accordion-header\" tabindex=\"0\" data-tab=\"1\" aria-controls=\"elementor-tab-content-1121\"><span class=\"eael-advanced-accordion-icon-closed\"><i aria-hidden=\"true\" class=\"fa-accordion-icon fas fa-plus\"><\/i><\/span><span class=\"eael-advanced-accordion-icon-opened\"><i aria-hidden=\"true\" class=\"fa-accordion-icon fas fa-minus\"><\/i><\/span><span class=\"eael-accordion-tab-title\">Comment \u00e9viter d\u2019\u00eatre tach\u00e9e \u00e0 l\u2019\u00e9cole lorsque j\u2019ai mes r\u00e8gles ? <\/span><i aria-hidden=\"true\" class=\"fa-toggle fas fa-angle-right\"><\/i><\/div><div id=\"elementor-tab-content-1121\" class=\"eael-accordion-content clearfix\" data-tab=\"1\" aria-labelledby=\"comment-viter-dtre-tache-lcole-lorsque-jai-mes-rgles-\"><p>Pour \u00e9viter de se t\u00e2cher \u00e0 l\u2019\u00e9cole, tu dois connaitre la date probable d\u2019arriv\u00e9e de tes prochaines r\u00e8gles. Pour cela tu dois connaitre la dur\u00e9e moyenne de ton cycle menstruel. Il faut pr\u00e9voir dans ton sac quelques jours \u00e0 l\u2019avance des protections hygi\u00e9niques.\u00a0<\/p><\/div>\n\t\t\t\t\t<\/div><div class=\"eael-accordion-list\">\n\t\t\t\t\t<div id=\"comment-connaitre-la-date-probable-darrive-de-mes-prochaines-rgles-comment-calculer-mon-cycle-menstruel-\" class=\"elementor-tab-title eael-accordion-header\" tabindex=\"0\" data-tab=\"2\" aria-controls=\"elementor-tab-content-1122\"><span class=\"eael-advanced-accordion-icon-closed\"><i aria-hidden=\"true\" class=\"fa-accordion-icon fas fa-plus\"><\/i><\/span><span class=\"eael-advanced-accordion-icon-opened\"><i aria-hidden=\"true\" class=\"fa-accordion-icon fas fa-minus\"><\/i><\/span><span class=\"eael-accordion-tab-title\">Comment connaitre la date probable d\u2019arriv\u00e9e de mes prochaines r\u00e8gles ? Comment calculer mon cycle menstruel ?<\/span><i aria-hidden=\"true\" class=\"fa-toggle fas fa-angle-right\"><\/i><\/div><div id=\"elementor-tab-content-1122\" class=\"eael-accordion-content clearfix\" data-tab=\"2\" aria-labelledby=\"comment-connaitre-la-date-probable-darrive-de-mes-prochaines-rgles-comment-calculer-mon-cycle-menstruel-\"><p>Le cycle menstruel commence le premier jour des r\u00e8gles et se termine la veille du premier jour des r\u00e8gles suivantes. Pour connaitre la dur\u00e9e de ton cycle menstruel, il te suffit donc de compter le nombre de jours depuis le premier jour des r\u00e8gles jusqu&rsquo;au jour pr\u00e9c\u00e9dant l\u2019arriv\u00e9e des r\u00e8gles suivantes.<\/p><p><span style=\"color: #556b2f\"><em>Exemple\u00a0: Amina a eu ses r\u00e8gles le 2 janvier et les a ensuite eues le 29 janvier. Cela signifie que son cycle menstruel a commenc\u00e9 le 2 janvier (1<sup>er<\/sup> jours des r\u00e8gles) et s\u2019est termin\u00e9 le 28 janvier (la veille du 1<sup>er<\/sup> jour des r\u00e8gles suivantes). Amina a donc un cycle de 27 jours.<\/em><\/span><\/p><p><span style=\"font-size: 0.9rem\">Pour connaitre la date probable d\u2019arriv\u00e9e de tes prochaines r\u00e8gles, prends le premier jours de tes derni\u00e8res r\u00e8gles et ajoute-y le nombre de jours que compte la dur\u00e9e moyenne de ton cycle. Tes prochaines r\u00e8gles devraient arriver le jour suivant.<\/span><\/p><p><span style=\"color: #556b2f\"><em>Exemple : Comme Amina a un cycle qui dure en moyenne 27 jours, ses prochaines r\u00e8gles devraient arriver le 25 f\u00e9vrier.<\/em><\/span><\/p><p><span style=\"font-size: 0.9rem\">Prends sur toi tes protections hygi\u00e9niques quelques jours avant la date pr\u00e9vue de l\u2019arriv\u00e9e des prochaines r\u00e8gles (les jeunes filles ont souvent un cycle irr\u00e9gulier les premi\u00e8res ann\u00e9es).<\/span><\/p><\/div>\n\t\t\t\t\t<\/div><div class=\"eael-accordion-list\">\n\t\t\t\t\t<div id=\"pourquoi-mon-cole-na-pas-t-choisie-pour-bnficier-du-projet-gestion-de-lhygine-menstruelle-en-milieu-scolaire-de-la-fondation-claudine-talon-\" class=\"elementor-tab-title eael-accordion-header\" tabindex=\"0\" data-tab=\"3\" aria-controls=\"elementor-tab-content-1123\"><span class=\"eael-advanced-accordion-icon-closed\"><i aria-hidden=\"true\" class=\"fa-accordion-icon fas fa-plus\"><\/i><\/span><span class=\"eael-advanced-accordion-icon-opened\"><i aria-hidden=\"true\" class=\"fa-accordion-icon fas fa-minus\"><\/i><\/span><span class=\"eael-accordion-tab-title\">Pourquoi mon \u00e9cole n\u2019a pas \u00e9t\u00e9 choisie pour b\u00e9n\u00e9ficier du projet Gestion de l\u2019hygi\u00e8ne menstruelle en milieu scolaire de la Fondation Claudine Talon ?<\/span><i aria-hidden=\"true\" class=\"fa-toggle fas fa-angle-right\"><\/i><\/div><div id=\"elementor-tab-content-1123\" class=\"eael-accordion-content clearfix\" data-tab=\"3\" aria-labelledby=\"pourquoi-mon-cole-na-pas-t-choisie-pour-bnficier-du-projet-gestion-de-lhygine-menstruelle-en-milieu-scolaire-de-la-fondation-claudine-talon-\"><p>Le projet Gestion de l\u2019hygi\u00e8ne menstruelle en milieu scolaire est d\u00e9ploy\u00e9 dans diff\u00e9rentes communes chaque ann\u00e9e. La Fondation Claudine Talon s\u00e9lectionne certains \u00e9tablissements scolaires selon ses moyens et ses objectifs.<\/p><p>Vous trouverez plus d\u2019informations \u00e0 propos des zones d\u2019intervention du projet\u00a0sur le site internet de la Fondation Claudine Talon\u00a0: <a href=\"https:\/\/fondationclaudinetalon.org\/index.php\/la-gestion-de-lhygiene-menstruelle-pour-les-filles\/\">https:\/\/fondationclaudinetalon.org\/index.php\/la-gestion-de-lhygiene-menstruelle-pour-les-filles\/<\/a><\/p><\/div>\n\t\t\t\t\t<\/div><div class=\"eael-accordion-list\">\n\t\t\t\t\t<div id=\"la-fondation-claudine-talon-fabrique-elle-des-serviettes-hyginiques-rutilisables-\" class=\"elementor-tab-title eael-accordion-header\" tabindex=\"0\" data-tab=\"4\" aria-controls=\"elementor-tab-content-1124\"><span class=\"eael-advanced-accordion-icon-closed\"><i aria-hidden=\"true\" class=\"fa-accordion-icon fas fa-plus\"><\/i><\/span><span class=\"eael-advanced-accordion-icon-opened\"><i aria-hidden=\"true\" class=\"fa-accordion-icon fas fa-minus\"><\/i><\/span><span class=\"eael-accordion-tab-title\">La Fondation Claudine Talon fabrique-elle des serviettes hygi\u00e9niques r\u00e9utilisables ? <\/span><i aria-hidden=\"true\" class=\"fa-toggle fas fa-angle-right\"><\/i><\/div><div id=\"elementor-tab-content-1124\" class=\"eael-accordion-content clearfix\" data-tab=\"4\" aria-labelledby=\"la-fondation-claudine-talon-fabrique-elle-des-serviettes-hyginiques-rutilisables-\"><p>La Fondation Claudine Talon a ouvert une unit\u00e9 de production de serviettes hygi\u00e9niques r\u00e9utilisables en coton 100% biologique en 2020. Ces serviettes sont distribu\u00e9es aux b\u00e9n\u00e9ficiaires du projet Gestion de l\u2019hygi\u00e8ne menstruelle en milieu scolaire.<\/p><\/div>\n\t\t\t\t\t<\/div><div class=\"eael-accordion-list\">\n\t\t\t\t\t<div id=\"o-peut-on-se-procurer-les-serviettes-hyginiques-rutilisables-fabriques-par-la-fondation-claudine-talon-\" class=\"elementor-tab-title eael-accordion-header\" tabindex=\"0\" data-tab=\"5\" aria-controls=\"elementor-tab-content-1125\"><span class=\"eael-advanced-accordion-icon-closed\"><i aria-hidden=\"true\" class=\"fa-accordion-icon fas fa-plus\"><\/i><\/span><span class=\"eael-advanced-accordion-icon-opened\"><i aria-hidden=\"true\" class=\"fa-accordion-icon fas fa-minus\"><\/i><\/span><span class=\"eael-accordion-tab-title\">O\u00f9 peut-on se procurer les serviettes hygi\u00e9niques r\u00e9utilisables fabriqu\u00e9es par la Fondation Claudine Talon ?<\/span><i aria-hidden=\"true\" class=\"fa-toggle fas fa-angle-right\"><\/i><\/div><div id=\"elementor-tab-content-1125\" class=\"eael-accordion-content clearfix\" data-tab=\"5\" aria-labelledby=\"o-peut-on-se-procurer-les-serviettes-hyginiques-rutilisables-fabriques-par-la-fondation-claudine-talon-\"><p>Les serviettes hygi\u00e9niques r\u00e9utilisables de la Fondation Claudine Talon sont distribu\u00e9es aux \u00e9l\u00e8ves b\u00e9n\u00e9ficiaires du projet Gestion de l\u2019hygi\u00e8ne menstruelle en milieu scolaire. Elles ne sont pas disponibles \u00e0 l\u2019achat par des particuliers.<\/p><\/div>\n\t\t\t\t\t<\/div><\/div>\t\t\t\t<\/div>\n\t\t\t\t<\/div>\n\t\t\t\t\t<\/div>\n\t\t<\/div>\n\t\t\t\t\t<\/div>\n\t\t<\/section>\n\t\t\t\t<section class=\"elementor-section elementor-top-section elementor-element elementor-element-8e4a2e9 elementor-section-boxed elementor-section-height-default elementor-section-height-default\" data-id=\"8e4a2e9\" data-element_type=\"section\" data-e-type=\"section\">\n\t\t\t\t\t\t<div class=\"elementor-container elementor-column-gap-default\">\n\t\t\t\t\t<div class=\"elementor-column elementor-col-100 elementor-top-column elementor-element elementor-element-699e3ca\" data-id=\"699e3ca\" data-element_type=\"column\" data-e-type=\"column\">\n\t\t\t<div class=\"elementor-widget-wrap elementor-element-populated\">\n\t\t\t\t\t\t<div class=\"elementor-element elementor-element-63a8ad0 elementor-widget elementor-widget-spacer\" data-id=\"63a8ad0\" data-element_type=\"widget\" data-e-type=\"widget\" data-widget_type=\"spacer.default\">\n\t\t\t\t<div class=\"elementor-widget-container\">\n\t\t\t\t\t\t\t<div class=\"elementor-spacer\">\n\t\t\t<div class=\"elementor-spacer-inner\"><\/div>\n\t\t<\/div>\n\t\t\t\t\t\t<\/div>\n\t\t\t\t<\/div>\n\t\t\t\t\t<\/div>\n\t\t<\/div>\n\t\t\t\t\t<\/div>\n\t\t<\/section>\n\t\t\t\t<section class=\"elementor-section elementor-top-section elementor-element elementor-element-75aa0df elementor-section-boxed elementor-section-height-default elementor-section-height-default\" data-id=\"75aa0df\" data-element_type=\"section\" data-e-type=\"section\">\n\t\t\t\t\t\t<div class=\"elementor-container elementor-column-gap-default\">\n\t\t\t\t\t<div class=\"elementor-column elementor-col-100 elementor-top-column elementor-element elementor-element-81e10e3\" data-id=\"81e10e3\" data-element_type=\"column\" data-e-type=\"column\">\n\t\t\t<div class=\"elementor-widget-wrap elementor-element-populated\">\n\t\t\t\t\t\t<div class=\"elementor-element elementor-element-d169c04 elementor-widget elementor-widget-heading\" data-id=\"d169c04\" data-element_type=\"widget\" data-e-type=\"widget\" data-widget_type=\"heading.default\">\n\t\t\t\t<div class=\"elementor-widget-container\">\n\t\t\t\t\t<h2 class=\"elementor-heading-title elementor-size-default\">FAQ | Projet Excellence en milieu scolaire<\/h2>\t\t\t\t<\/div>\n\t\t\t\t<\/div>\n\t\t\t\t<div class=\"elementor-element elementor-element-abd1d1f elementor-widget elementor-widget-eael-adv-accordion\" data-id=\"abd1d1f\" data-element_type=\"widget\" data-e-type=\"widget\" data-widget_type=\"eael-adv-accordion.default\">\n\t\t\t\t<div class=\"elementor-widget-container\">\n\t\t\t\t\t            <div class=\"eael-adv-accordion\" id=\"eael-adv-accordion-abd1d1f\" data-scroll-on-click=\"no\" data-scroll-speed=\"300\" data-accordion-id=\"abd1d1f\" data-accordion-type=\"accordion\" data-toogle-speed=\"300\">\n            <div class=\"eael-accordion-list\">\n\t\t\t\t\t<div id=\"quelles-sont-les-conditions-pour-tre-prim-par-la-fondation-claudine-talon-\" class=\"elementor-tab-title eael-accordion-header\" tabindex=\"0\" data-tab=\"1\" aria-controls=\"elementor-tab-content-1801\"><span class=\"eael-advanced-accordion-icon-closed\"><i aria-hidden=\"true\" class=\"fa-accordion-icon fas fa-plus\"><\/i><\/span><span class=\"eael-advanced-accordion-icon-opened\"><i aria-hidden=\"true\" class=\"fa-accordion-icon fas fa-minus\"><\/i><\/span><span class=\"eael-accordion-tab-title\">Quelles sont les conditions pour \u00eatre prim\u00e9 par la Fondation Claudine Talon ?<\/span><i aria-hidden=\"true\" class=\"fa-toggle fas fa-angle-right\"><\/i><\/div><div id=\"elementor-tab-content-1801\" class=\"eael-accordion-content clearfix\" data-tab=\"1\" aria-labelledby=\"quelles-sont-les-conditions-pour-tre-prim-par-la-fondation-claudine-talon-\"><p>Le projet Excellence en milieu scolaire r\u00e9compense les laur\u00e9ats selon des crit\u00e8res annuels. En 2021, elle a r\u00e9compens\u00e9 les \u00e9l\u00e8ves ayant obtenu une moyenne sup\u00e9rieure ou \u00e9gale \u00e0 17\/20 au BAC, les 100 meilleurs admis au BEPC et les 100 meilleurs admis au CEP.<\/p><p>Chaque ann\u00e9e les \u00e9l\u00e8ves \u00e9ligibles sont contact\u00e9s par la Fondation Claudine Talon.<\/p><\/div>\n\t\t\t\t\t<\/div><div class=\"eael-accordion-list\">\n\t\t\t\t\t<div id=\"mon-filsma-fille-a-obtenu-une-trs-bonne-moyenne-au-bepccep-pourquoi-nest-ilelle-pas-slectionne-\" class=\"elementor-tab-title eael-accordion-header\" tabindex=\"0\" data-tab=\"2\" aria-controls=\"elementor-tab-content-1802\"><span class=\"eael-advanced-accordion-icon-closed\"><i aria-hidden=\"true\" class=\"fa-accordion-icon fas fa-plus\"><\/i><\/span><span class=\"eael-advanced-accordion-icon-opened\"><i aria-hidden=\"true\" class=\"fa-accordion-icon fas fa-minus\"><\/i><\/span><span class=\"eael-accordion-tab-title\">Mon fils\/ma fille a obtenu une tr\u00e8s bonne moyenne au BEPC\/CEP, pourquoi n\u2019est-il\/elle pas s\u00e9lectionn\u00e9.e ?<\/span><i aria-hidden=\"true\" class=\"fa-toggle fas fa-angle-right\"><\/i><\/div><div id=\"elementor-tab-content-1802\" class=\"eael-accordion-content clearfix\" data-tab=\"2\" aria-labelledby=\"mon-filsma-fille-a-obtenu-une-trs-bonne-moyenne-au-bepccep-pourquoi-nest-ilelle-pas-slectionne-\"><p>Votre fils\/fille peut avoir eu une excellente moyenne sans faire partie des 100 premiers. Cependant, si vous pensez qu\u2019il y a eu une erreur, vous pouvez prendre contact avec la Fondation Claudine Talon pour v\u00e9rification.<\/p><\/div>\n\t\t\t\t\t<\/div><div class=\"eael-accordion-list\">\n\t\t\t\t\t<div id=\"quels-sont-les-prix-offerts-aux-laurats-\" class=\"elementor-tab-title eael-accordion-header\" tabindex=\"0\" data-tab=\"3\" aria-controls=\"elementor-tab-content-1803\"><span class=\"eael-advanced-accordion-icon-closed\"><i aria-hidden=\"true\" class=\"fa-accordion-icon fas fa-plus\"><\/i><\/span><span class=\"eael-advanced-accordion-icon-opened\"><i aria-hidden=\"true\" class=\"fa-accordion-icon fas fa-minus\"><\/i><\/span><span class=\"eael-accordion-tab-title\">Quels sont les prix offerts aux laur\u00e9ats ?<\/span><i aria-hidden=\"true\" class=\"fa-toggle fas fa-angle-right\"><\/i><\/div><div id=\"elementor-tab-content-1803\" class=\"eael-accordion-content clearfix\" data-tab=\"3\" aria-labelledby=\"quels-sont-les-prix-offerts-aux-laurats-\"><p>En 2021, les laur\u00e9ats du BAC ont re\u00e7u un ordinateur portable, ceux du BEPC une tablette num\u00e9rique et ceux du CEP une tablette \u00e9ducative.<\/p><\/div>\n\t\t\t\t\t<\/div><\/div>\t\t\t\t<\/div>\n\t\t\t\t<\/div>\n\t\t\t\t\t<\/div>\n\t\t<\/div>\n\t\t\t\t\t<\/div>\n\t\t<\/section>\n\t\t\t\t<section class=\"elementor-section elementor-top-section elementor-element elementor-element-92047e5 elementor-section-boxed elementor-section-height-default elementor-section-height-default\" data-id=\"92047e5\" data-element_type=\"section\" data-e-type=\"section\">\n\t\t\t\t\t\t<div class=\"elementor-container elementor-column-gap-default\">\n\t\t\t\t\t<div class=\"elementor-column elementor-col-100 elementor-top-column elementor-element elementor-element-22edecb\" data-id=\"22edecb\" data-element_type=\"column\" data-e-type=\"column\">\n\t\t\t<div class=\"elementor-widget-wrap elementor-element-populated\">\n\t\t\t\t\t\t<div class=\"elementor-element elementor-element-fadf349 elementor-widget elementor-widget-spacer\" data-id=\"fadf349\" data-element_type=\"widget\" data-e-type=\"widget\" data-widget_type=\"spacer.default\">\n\t\t\t\t<div class=\"elementor-widget-container\">\n\t\t\t\t\t\t\t<div class=\"elementor-spacer\">\n\t\t\t<div class=\"elementor-spacer-inner\"><\/div>\n\t\t<\/div>\n\t\t\t\t\t\t<\/div>\n\t\t\t\t<\/div>\n\t\t\t\t\t<\/div>\n\t\t<\/div>\n\t\t\t\t\t<\/div>\n\t\t<\/section>\n\t\t\t\t<section class=\"elementor-section elementor-top-section elementor-element elementor-element-770d90c elementor-section-boxed elementor-section-height-default elementor-section-height-default\" data-id=\"770d90c\" data-element_type=\"section\" data-e-type=\"section\">\n\t\t\t\t\t\t<div class=\"elementor-container elementor-column-gap-default\">\n\t\t\t\t\t<div class=\"elementor-column elementor-col-100 elementor-top-column elementor-element elementor-element-fe7dd26\" data-id=\"fe7dd26\" data-element_type=\"column\" data-e-type=\"column\">\n\t\t\t<div class=\"elementor-widget-wrap elementor-element-populated\">\n\t\t\t\t\t\t<div class=\"elementor-element elementor-element-faaf8ce elementor-widget elementor-widget-heading\" data-id=\"faaf8ce\" data-element_type=\"widget\" data-e-type=\"widget\" data-widget_type=\"heading.default\">\n\t\t\t\t<div class=\"elementor-widget-container\">\n\t\t\t\t\t<h2 class=\"elementor-heading-title elementor-size-default\">FAQ | Programme Autonomisation des femmes<\/h2>\t\t\t\t<\/div>\n\t\t\t\t<\/div>\n\t\t\t\t<div class=\"elementor-element elementor-element-7afce6f elementor-widget elementor-widget-eael-adv-accordion\" data-id=\"7afce6f\" data-element_type=\"widget\" data-e-type=\"widget\" data-widget_type=\"eael-adv-accordion.default\">\n\t\t\t\t<div class=\"elementor-widget-container\">\n\t\t\t\t\t            <div class=\"eael-adv-accordion\" id=\"eael-adv-accordion-7afce6f\" data-scroll-on-click=\"no\" data-scroll-speed=\"300\" data-accordion-id=\"7afce6f\" data-accordion-type=\"accordion\" data-toogle-speed=\"300\">\n            <div class=\"eael-accordion-list\">\n\t\t\t\t\t<div id=\"pourquoi-les-garonshommes-ne-sont-pas-bnficiaires-du-programme-autonomisation-de-la-fondation-claudine-talon-\" class=\"elementor-tab-title eael-accordion-header\" tabindex=\"0\" data-tab=\"1\" aria-controls=\"elementor-tab-content-1281\"><span class=\"eael-advanced-accordion-icon-closed\"><i aria-hidden=\"true\" class=\"fa-accordion-icon fas fa-plus\"><\/i><\/span><span class=\"eael-advanced-accordion-icon-opened\"><i aria-hidden=\"true\" class=\"fa-accordion-icon fas fa-minus\"><\/i><\/span><span class=\"eael-accordion-tab-title\">Pourquoi les gar\u00e7ons\/hommes ne sont pas b\u00e9n\u00e9ficiaires du programme Autonomisation de la Fondation Claudine Talon ?<\/span><i aria-hidden=\"true\" class=\"fa-toggle fas fa-angle-right\"><\/i><\/div><div id=\"elementor-tab-content-1281\" class=\"eael-accordion-content clearfix\" data-tab=\"1\" aria-labelledby=\"pourquoi-les-garonshommes-ne-sont-pas-bnficiaires-du-programme-autonomisation-de-la-fondation-claudine-talon-\"><p>Le choix des femmes et des enfants comme b\u00e9n\u00e9ficiaires principaux des actions de la Fondation Claudine Talon s\u2019explique par le fait qu\u2019ils sont parmi les personnes les plus vuln\u00e9rables de la soci\u00e9t\u00e9. La Fondation Claudine Talon cherche ainsi \u00e0 r\u00e9duire les in\u00e9galit\u00e9s de genre.\u00a0<\/p><p>Certaines actions b\u00e9n\u00e9ficient \u00e9galement \u00e0 toute la communaut\u00e9, hommes inclus (construction de centres de sant\u00e9, acc\u00e8s communautaires \u00e0 l\u2019eau potable, lutte contre la cataracte, \u2026)<\/p><\/div>\n\t\t\t\t\t<\/div><\/div>\t\t\t\t<\/div>\n\t\t\t\t<\/div>\n\t\t\t\t\t<\/div>\n\t\t<\/div>\n\t\t\t\t\t<\/div>\n\t\t<\/section>\n\t\t\t\t<section class=\"elementor-section elementor-top-section elementor-element elementor-element-6e55480 elementor-section-boxed elementor-section-height-default elementor-section-height-default\" data-id=\"6e55480\" data-element_type=\"section\" data-e-type=\"section\">\n\t\t\t\t\t\t<div class=\"elementor-container elementor-column-gap-default\">\n\t\t\t\t\t<div class=\"elementor-column elementor-col-100 elementor-top-column elementor-element elementor-element-f0d1171\" data-id=\"f0d1171\" data-element_type=\"column\" data-e-type=\"column\">\n\t\t\t<div class=\"elementor-widget-wrap elementor-element-populated\">\n\t\t\t\t\t\t<div class=\"elementor-element elementor-element-420253b elementor-widget elementor-widget-spacer\" data-id=\"420253b\" data-element_type=\"widget\" data-e-type=\"widget\" data-widget_type=\"spacer.default\">\n\t\t\t\t<div class=\"elementor-widget-container\">\n\t\t\t\t\t\t\t<div class=\"elementor-spacer\">\n\t\t\t<div class=\"elementor-spacer-inner\"><\/div>\n\t\t<\/div>\n\t\t\t\t\t\t<\/div>\n\t\t\t\t<\/div>\n\t\t\t\t\t<\/div>\n\t\t<\/div>\n\t\t\t\t\t<\/div>\n\t\t<\/section>\n\t\t\t\t<section class=\"elementor-section elementor-top-section elementor-element elementor-element-5f94cb0 elementor-section-boxed elementor-section-height-default elementor-section-height-default\" data-id=\"5f94cb0\" data-element_type=\"section\" data-e-type=\"section\">\n\t\t\t\t\t\t<div class=\"elementor-container elementor-column-gap-default\">\n\t\t\t\t\t<div class=\"elementor-column elementor-col-100 elementor-top-column elementor-element elementor-element-743ce53\" data-id=\"743ce53\" data-element_type=\"column\" data-e-type=\"column\">\n\t\t\t<div class=\"elementor-widget-wrap elementor-element-populated\">\n\t\t\t\t\t\t<div class=\"elementor-element elementor-element-bcacbd2 elementor-widget elementor-widget-heading\" data-id=\"bcacbd2\" data-element_type=\"widget\" data-e-type=\"widget\" data-widget_type=\"heading.default\">\n\t\t\t\t<div class=\"elementor-widget-container\">\n\t\t\t\t\t<h2 class=\"elementor-heading-title elementor-size-default\">FAQ | Projet Soutien aux personnes les plus vuln\u00e9rables<\/h2>\t\t\t\t<\/div>\n\t\t\t\t<\/div>\n\t\t\t\t<div class=\"elementor-element elementor-element-eb54484 elementor-widget elementor-widget-eael-adv-accordion\" data-id=\"eb54484\" data-element_type=\"widget\" data-e-type=\"widget\" data-widget_type=\"eael-adv-accordion.default\">\n\t\t\t\t<div class=\"elementor-widget-container\">\n\t\t\t\t\t            <div class=\"eael-adv-accordion\" id=\"eael-adv-accordion-eb54484\" data-scroll-on-click=\"no\" data-scroll-speed=\"300\" data-accordion-id=\"eb54484\" data-accordion-type=\"accordion\" data-toogle-speed=\"300\">\n            <div class=\"eael-accordion-list\">\n\t\t\t\t\t<div id=\"puis-je-bnficier-dun-soutien-individuel-de-la-fondation-claudine-talon-\" class=\"elementor-tab-title eael-accordion-header\" tabindex=\"0\" data-tab=\"1\" aria-controls=\"elementor-tab-content-2461\"><span class=\"eael-advanced-accordion-icon-closed\"><i aria-hidden=\"true\" class=\"fa-accordion-icon fas fa-plus\"><\/i><\/span><span class=\"eael-advanced-accordion-icon-opened\"><i aria-hidden=\"true\" class=\"fa-accordion-icon fas fa-minus\"><\/i><\/span><span class=\"eael-accordion-tab-title\">Puis-je b\u00e9n\u00e9ficier d\u2019un soutien individuel de la Fondation Claudine Talon ?<\/span><i aria-hidden=\"true\" class=\"fa-toggle fas fa-angle-right\"><\/i><\/div><div id=\"elementor-tab-content-2461\" class=\"eael-accordion-content clearfix\" data-tab=\"1\" aria-labelledby=\"puis-je-bnficier-dun-soutien-individuel-de-la-fondation-claudine-talon-\"><p>La Fondation Claudine Talon apporte essentiellement son soutien au travers de projets. L\u2019aide en dehors de ce cadre reste exceptionnelle et est conditionn\u00e9e par l\u2019acceptation d\u2019un \u00e9crit argumentant la demande.<\/p><p>Les lettres et\/ou les dossiers de demandes d\u2019assistance sont \u00e0 d\u00e9poser au secr\u00e9tariat de la Fondation Claudine Talon ouvert au public du lundi au vendredi de 8h30 \u00e0 13h00, sauf les jours f\u00e9ri\u00e9s.<\/p><\/div>\n\t\t\t\t\t<\/div><\/div>\t\t\t\t<\/div>\n\t\t\t\t<\/div>\n\t\t\t\t\t<\/div>\n\t\t<\/div>\n\t\t\t\t\t<\/div>\n\t\t<\/section>\n\t\t\t\t<\/div>\n\t\t","protected":false},"excerpt":{"rendered":"<p>Foire aux questions FAQ | G\u00e9n\u00e9ral Que fait la Fondation Claudine Talon ? La Fondation Claudine Talon a pour mission d&#8217;am\u00e9liorer les conditions de vie des personnes les plus vuln\u00e9rables au B\u00e9nin, en accordant une attention particuli\u00e8re aux femmes et aux enfants. \u00c0 cet effet, la Fondation met en \u0153uvre des projets dans les domaines [&hellip;]<\/p>\n","protected":false},"author":1,"featured_media":0,"parent":0,"menu_order":0,"comment_status":"closed","ping_status":"closed","template":"elementor_header_footer","meta":{"_monsterinsights_skip_tracking":false,"_monsterinsights_sitenote_active":false,"_monsterinsights_sitenote_note":"","_monsterinsights_sitenote_category":0,"footnotes":""},"class_list":["post-4982","page","type-page","status-publish","hentry"],"_links":{"self":[{"href":"https:\/\/fondationclaudinetalon.org\/index.php\/wp-json\/wp\/v2\/pages\/4982","targetHints":{"allow":["GET"]}}],"collection":[{"href":"https:\/\/fondationclaudinetalon.org\/index.php\/wp-json\/wp\/v2\/pages"}],"about":[{"href":"https:\/\/fondationclaudinetalon.org\/index.php\/wp-json\/wp\/v2\/types\/page"}],"author":[{"embeddable":true,"href":"https:\/\/fondationclaudinetalon.org\/index.php\/wp-json\/wp\/v2\/users\/1"}],"replies":[{"embeddable":true,"href":"https:\/\/fondationclaudinetalon.org\/index.php\/wp-json\/wp\/v2\/comments?post=4982"}],"version-history":[{"count":62,"href":"https:\/\/fondationclaudinetalon.org\/index.php\/wp-json\/wp\/v2\/pages\/4982\/revisions"}],"predecessor-version":[{"id":10682,"href":"https:\/\/fondationclaudinetalon.org\/index.php\/wp-json\/wp\/v2\/pages\/4982\/revisions\/10682"}],"wp:attachment":[{"href":"https:\/\/fondationclaudinetalon.org\/index.php\/wp-json\/wp\/v2\/media?parent=4982"}],"curies":[{"name":"wp","href":"https:\/\/api.w.org\/{rel}","templated":true}]}}